{"id":931,"date":"2024-07-22T09:59:39","date_gmt":"2024-07-22T07:59:39","guid":{"rendered":"https:\/\/www.economypark.de\/?page_id=931"},"modified":"2026-04-24T11:36:37","modified_gmt":"2026-04-24T09:36:37","slug":"downloads","status":"publish","type":"page","link":"https:\/\/www.economypark.de\/downloads\/","title":{"rendered":"Downloads"},"content":{"rendered":"<section class=\"l-section wpb_row height_auto full_height valign_bottom with_img\" id=\"page-hero\"><div class=\"l-section-img\" role=\"img\" aria-label=\"Dieses Bild wurde auf einem H\u00fcgel aufgenommen. Es zeigt im Vordergrund Weinberge und im Hintergrund das Zweckverbandsgebiet.\" data-img-width=\"2560\" data-img-height=\"1498\" style=\"background-image: url(https:\/\/www.economypark.de\/wp-content\/uploads\/2024\/12\/Economy-Park-scaled-e1734513129345.jpg);background-repeat: no-repeat;\"><\/div><div class=\"l-section-overlay\" style=\"background:linear-gradient(180deg,rgba(0,0,0,0) 80%,#000000)\"><\/div><div class=\"l-section-h i-cf\"><div class=\"g-cols vc_row via_flex valign_top type_default stacking_default\"><div class=\"vc_col-sm-12 wpb_column vc_column_container\"><div class=\"vc_column-inner\"><div class=\"wpb_wrapper\"><div class=\"wpb_text_column us_custom_f966b68e has_text_color us_animate_this\"><div class=\"wpb_wrapper\"><h1><strong>\u00d6ffentliche Bekanntmachungen und Downloads<\/strong><\/h1>\n<\/div><\/div><\/div><\/div><\/div><\/div><\/div><\/section><section class=\"l-section wpb_row height_medium\" id=\"downloads\"><div class=\"l-section-h i-cf\"><div class=\"g-cols vc_row via_flex valign_top type_default stacking_default\"><div class=\"vc_col-sm-12 wpb_column vc_column_container\"><div class=\"vc_column-inner\"><div class=\"wpb_wrapper\"><div class=\"wpb_text_column us_custom_d77bca1a section-header us_animate_this\"><div class=\"wpb_wrapper\"><h3>Downloads<\/h3>\n<\/div><\/div><div class=\"wpb_text_column anchor-menu\"><div class=\"wpb_wrapper\"><ul>\n<li><a href=\"#bekanntmachungen\">\u00d6ffentliche Bekanntmachungen<\/a><\/li>\n<li><a href=\"#allgemeines\">Allgemeines<\/a><\/li>\n<li><a href=\"#finanzen\">Finanzen<\/a><\/li>\n<li><a href=\"#gutachten\">Gutachten\/Planungsgrundlagen<\/a><\/li>\n<\/ul>\n<\/div><\/div><\/div><\/div><\/div><\/div><\/div><\/section><section class=\"l-section wpb_row height_medium\" id=\"bekanntmachungen\"><div class=\"l-section-h i-cf\"><div class=\"g-cols vc_row via_flex valign_top type_default stacking_default\"><div class=\"vc_col-sm-12 wpb_column vc_column_container\"><div class=\"vc_column-inner\"><div class=\"wpb_wrapper\"><div class=\"wpb_text_column us_custom_70facfb4\"><div class=\"wpb_wrapper\"><h3>\u00d6ffentliche Bekanntmachungen<\/h3>\n<\/div><\/div><div class=\"w-grid us_post_list apply_url_params type_grid layout_941 cols_1 preload_style_spinner with_css_animation\" id=\"us_post_list_p90c\" style=\"--columns:1;--gap:1.5rem;\"><style>.layout_941 .w-grid-item-h{}@media(min-width:11px){.layout_941 .usg_post_taxonomy_1{display:none!important}}.layout_941 .usg_post_title_1{font-weight:700!important;padding-top:1rem!important}.layout_941 .usg_hwrapper_1{padding-top:1.5rem!important;border-top-width:1px!important;border-color:var(--color-content-border)!important;border-top-style:solid!important}<\/style><div class=\"w-grid-list\">\t<article class=\"w-grid-item us_animate_afb size_1x1 post-1722 post type-post status-publish format-standard hentry category-download-de category-finanzen category-bekanntmachungen\" data-id=\"1722\">\r\n\t\t<div class=\"w-grid-item-h\">\r\n\t\t\t\t\t\t<div class=\"w-hwrapper usg_hwrapper_1 align_justify valign_bottom stack_on_mobiles\" style=\"--hwrapper-gap:1.5rem\"><div class=\"w-vwrapper usg_vwrapper_1 align_left valign_top\" style=\"--vwrapper-gap:1rem\"><div class=\"w-post-elm post_taxonomy usg_post_taxonomy_1 style_simple color_link_inherit\"><span class=\"term-50 term-download-de\">Download<\/span><b>, <\/b><span class=\"term-62 term-finanzen\">Finanzen<\/span><b>, <\/b><span class=\"term-66 term-bekanntmachungen\">\u00d6ffentliche Bekanntmachung<\/span><\/div><h4 class=\"w-post-elm post_title usg_post_title_1 entry-title color_link_inherit\">Haushaltssatzung und Bekanntmachung der Haushaltssatzung 2026 des Zweckverbandes<\/h4><div class=\"w-post-elm post_content usg_post_content_1\"><p>Die Haushaltssatzung mit ihren Anlagen f\u00fcr das Haushaltsjahr 2026 wird hiermit \u00f6ffentlich bekannt gemacht. Die von der Verbandsversammlung beschlossene Haushaltssatzung mit ihren Anlagen wurde gem\u00e4\u00df \u00a7 81 Absatz 2 GemO der Rechtsaufsichtsbeh\u00f6rde am 20. November 2025 vorgelegt.<\/p>\n<p>Das Regierungspr\u00e4sidium Karlsruhe hat mit Schreiben vom 25. November 2025 die Gesetzm\u00e4\u00dfigkeit Haushaltssatzung des Zweckverbandes f\u00fcr das Haushaltsjahr 2026 best\u00e4tigt.<br \/>\nDie Haushaltssatzung enth\u00e4lt keine genehmigungspflichtigen Teile.<\/p>\n<p>Der Haushaltsplan wird auf der Internetseite des Zweckverbandes \u00f6ffentlich bereitgestellt. Er ist unter folgendem Link abrufbar <a href=\"https:\/\/www.economypark.de\/downloads\/#downloads\">https:\/\/www.economypark.de\/downloads\/#downloads<\/a>.<br \/>\nEr steht dort bis zur Bekanntmachung der n\u00e4chsten Haushaltssatzung zur Verf\u00fcgung.<\/p>\n<\/div><\/div><div class=\"w-vwrapper usg_vwrapper_2 align_none valign_top\"><a class=\"w-btn us-btn-style_5 usg_btn_1 icon_atright\" target=\"_blank\" href=\"https:\/\/www.economypark.de\/wp-content\/uploads\/2025\/11\/20251124-Bekanntmachung-Haushaltssatzung-2026.pdf\"><span class=\"w-btn-label\">Herunterladen<\/span><i class=\"fas fa-chevron-right\"><\/i><\/a><\/div><\/div>\t\t<\/div>\r\n\t\t\t<\/article>\r\n\t<article class=\"w-grid-item us_animate_afb size_1x1 post-1526 post type-post status-publish format-standard has-post-thumbnail hentry category-download-de category-gutachten category-bekanntmachungen\" data-id=\"1526\">\r\n\t\t<div class=\"w-grid-item-h\">\r\n\t\t\t\t\t\t<div class=\"w-hwrapper usg_hwrapper_1 align_justify valign_bottom stack_on_mobiles\" style=\"--hwrapper-gap:1.5rem\"><div class=\"w-vwrapper usg_vwrapper_1 align_left valign_top\" style=\"--vwrapper-gap:1rem\"><div class=\"w-post-elm post_taxonomy usg_post_taxonomy_1 style_simple color_link_inherit\"><span class=\"term-50 term-download-de\">Download<\/span><b>, <\/b><span class=\"term-64 term-gutachten\">Gutachten\/Planungsgrundlage<\/span><b>, <\/b><span class=\"term-66 term-bekanntmachungen\">\u00d6ffentliche Bekanntmachung<\/span><\/div><h4 class=\"w-post-elm post_title usg_post_title_1 entry-title color_link_inherit\">Bekanntmachung \u00fcber die Satzung des Zweckverbands \u201eInterkommunales Gewerbe- und Industriegebiet Heidelberg-Leimen\u201c \u00fcber die Ver\u00e4nderungssperre f\u00fcr die Gewanne \u201eFautenb\u00fchl\u201c und \u201eHardt\u00e4cker 2\u201c<\/h4><div class=\"w-post-elm post_content usg_post_content_1\"><p>Die Verbandsversammlung des Zweckverbands \u201eInterkommunales Gewerbe- und Industriegebiet Heidelberg-Leimen\u201c hat in \u00f6ffentlicher Sitzung am 15. Juli 2025 gem\u00e4\u00df gem\u00e4\u00df \u00a7\u00a7 14 und 16 Baugesetzbuch (BauGB) eine Ver\u00e4nderungssperre f\u00fcr die Gewanne &#8222;Fautenb\u00fchl&#8220; und &#8222;Hardt\u00e4cker 2&#8220; erlassen.<\/p>\n<p><img loading=\"lazy\" decoding=\"async\" class=\"alignnone size-medium wp-image-1514\" src=\"https:\/\/www.economypark.de\/wp-content\/uploads\/2025\/07\/UePlan_Fautenbuehl_-300x300.jpg\" alt=\"Auf der \u00dcbersichtskarte ist das Zweckverbandsgebiet zu sehen und die Gewann &quot;Fautenb\u00fchl&quot; und &quot;Hardt\u00e4cker 2&quot; sind farblich markiert\" width=\"300\" height=\"300\" srcset=\"https:\/\/www.economypark.de\/wp-content\/uploads\/2025\/07\/UePlan_Fautenbuehl_-300x300.jpg 300w, https:\/\/www.economypark.de\/wp-content\/uploads\/2025\/07\/UePlan_Fautenbuehl_-1022x1024.jpg 1022w, https:\/\/www.economypark.de\/wp-content\/uploads\/2025\/07\/UePlan_Fautenbuehl_-150x150.jpg 150w, https:\/\/www.economypark.de\/wp-content\/uploads\/2025\/07\/UePlan_Fautenbuehl_.jpg 1025w\" sizes=\"auto, (max-width: 300px) 100vw, 300px\" \/><\/p>\n<\/div><\/div><div class=\"w-vwrapper usg_vwrapper_2 align_none valign_top\"><a class=\"w-btn us-btn-style_5 usg_btn_1 icon_atright\" target=\"_blank\" href=\"https:\/\/www.economypark.de\/wp-content\/uploads\/2025\/07\/Bekanntmachungstext_Veraenderungssperre.pdf\"><span class=\"w-btn-label\">Herunterladen<\/span><i class=\"fas fa-chevron-right\"><\/i><\/a><\/div><\/div>\t\t<\/div>\r\n\t\t\t<\/article>\r\n\t<article class=\"w-grid-item us_animate_afb size_1x1 post-1475 post type-post status-publish format-standard hentry category-download-de category-bekanntmachungen\" data-id=\"1475\">\r\n\t\t<div class=\"w-grid-item-h\">\r\n\t\t\t\t\t\t<div class=\"w-hwrapper usg_hwrapper_1 align_justify valign_bottom stack_on_mobiles\" style=\"--hwrapper-gap:1.5rem\"><div class=\"w-vwrapper usg_vwrapper_1 align_left valign_top\" style=\"--vwrapper-gap:1rem\"><div class=\"w-post-elm post_taxonomy usg_post_taxonomy_1 style_simple color_link_inherit\"><span class=\"term-50 term-download-de\">Download<\/span><b>, <\/b><span class=\"term-66 term-bekanntmachungen\">\u00d6ffentliche Bekanntmachung<\/span><\/div><h4 class=\"w-post-elm post_title usg_post_title_1 entry-title color_link_inherit\">Bekanntmachung des Jahresabschlusses 2024<\/h4><div class=\"w-post-elm post_content usg_post_content_1\"><p>Der Zweckverband \u201eInterkommunales Gewerbe- und Industriegebiet Heidelberg \u2013 Leimen\u201c gibt die Feststellung des Jahresergebnisses und das Ergebnis der Pr\u00fcfung des Jahresabschlusses f\u00fcr das Haushaltsjahr 2024 bekannt.<br \/>\nDas Rechnungspr\u00fcfungsamt der Stadt Heidelberg hat f\u00fcr den Jahresabschluss 2024 und Rechenschaftsbericht den uneingeschr\u00e4nkten Best\u00e4tigungsvermerk erteilt.<br \/>\nDie Verbandsversammlung des Zweckverbandes \u201eInterkommunales Gewerbe- und Industriegebiet Heidelberg \u2013 Leimen\u201c hat am 15. Juli 2025 beschlossen, den gepr\u00fcften Jahresabschluss mit Rechenschaftsbericht festzustellen.<\/p>\n<p>Der Jahresabschluss mit seinen Anlagen und seinem Anhang wird auf der Internetseite des Zweckverbandes \u00f6ffentlich bereitgestellt. Die Einsichtnahme ist \u00fcber den Link: <a href=\"https:\/\/www.economypark.de\/downloads\/#downloads\">www.economypark.de <\/a>m\u00f6glich. Er steht dort bis zur Bekanntmachung des n\u00e4chsten Jahresabschlusses zur Verf\u00fcgung.<\/p>\n<\/div><\/div><div class=\"w-vwrapper usg_vwrapper_2 align_none valign_top\"><a class=\"w-btn us-btn-style_5 usg_btn_1 icon_atright\" target=\"_blank\" href=\"https:\/\/www.economypark.de\/wp-content\/uploads\/2025\/07\/Bekanntmachung-Jahresabschluss-2024.pdf\"><span class=\"w-btn-label\">Herunterladen<\/span><i class=\"fas fa-chevron-right\"><\/i><\/a><\/div><\/div>\t\t<\/div>\r\n\t\t\t<\/article>\r\n\t<article class=\"w-grid-item us_animate_afb size_1x1 post-1415 post type-post status-publish format-standard has-post-thumbnail hentry category-download-de category-gutachten category-bekanntmachungen\" data-id=\"1415\">\r\n\t\t<div class=\"w-grid-item-h\">\r\n\t\t\t\t\t\t<div class=\"w-hwrapper usg_hwrapper_1 align_justify valign_bottom stack_on_mobiles\" style=\"--hwrapper-gap:1.5rem\"><div class=\"w-vwrapper usg_vwrapper_1 align_left valign_top\" style=\"--vwrapper-gap:1rem\"><div class=\"w-post-elm post_taxonomy usg_post_taxonomy_1 style_simple color_link_inherit\"><span class=\"term-50 term-download-de\">Download<\/span><b>, <\/b><span class=\"term-64 term-gutachten\">Gutachten\/Planungsgrundlage<\/span><b>, <\/b><span class=\"term-66 term-bekanntmachungen\">\u00d6ffentliche Bekanntmachung<\/span><\/div><h4 class=\"w-post-elm post_title usg_post_title_1 entry-title color_link_inherit\">Aufstellungsbeschluss 1. Teilbebauungsplan Etex-Gel\u00e4nde<\/h4><div class=\"w-post-elm post_content usg_post_content_1\"><p>Die Verbandsversammlung des Zweckverbands \u201eInterkommunales Gewerbe- und Industriegebiet Heidelberg-Leimen\u201c hat in \u00f6ffentlicher Sitzung am 11. Februar 2025 gem\u00e4\u00df \u00a7 2 Absatz 1 Satz 1 Baugesetzbuch (BauGB) den Aufstellungsbeschluss zum \u201e1. Teilbebauungsplan Etex-Gel\u00e4nde\u201c gefasst&#8230;<\/p>\n<\/div><\/div><div class=\"w-vwrapper usg_vwrapper_2 align_none valign_top\"><a class=\"w-btn us-btn-style_5 usg_btn_1 icon_atright\" target=\"_blank\" href=\"https:\/\/www.economypark.de\/wp-content\/uploads\/2025\/03\/20250320-ZVHDLM-oeffentliche-Bekanntmachung-Aufstellungsbeschlusses-1.-Teilbebauungsplan-Etex-Gelaende_unterschrieben-1.pdf\"><span class=\"w-btn-label\">Herunterladen<\/span><i class=\"fas fa-chevron-right\"><\/i><\/a><\/div><\/div>\t\t<\/div>\r\n\t\t\t<\/article>\r\n\t<article class=\"w-grid-item us_animate_afb size_1x1 post-1192 post type-post status-publish format-standard hentry category-download-de category-finanzen category-bekanntmachungen\" data-id=\"1192\">\r\n\t\t<div class=\"w-grid-item-h\">\r\n\t\t\t\t\t\t<div class=\"w-hwrapper usg_hwrapper_1 align_justify valign_bottom stack_on_mobiles\" style=\"--hwrapper-gap:1.5rem\"><div class=\"w-vwrapper usg_vwrapper_1 align_left valign_top\" style=\"--vwrapper-gap:1rem\"><div class=\"w-post-elm post_taxonomy usg_post_taxonomy_1 style_simple color_link_inherit\"><span class=\"term-50 term-download-de\">Download<\/span><b>, <\/b><span class=\"term-62 term-finanzen\">Finanzen<\/span><b>, <\/b><span class=\"term-66 term-bekanntmachungen\">\u00d6ffentliche Bekanntmachung<\/span><\/div><h4 class=\"w-post-elm post_title usg_post_title_1 entry-title color_link_inherit\">\u00d6ffentliche Bekanntmachung der Haushaltssatzung 2025<\/h4><div class=\"w-post-elm post_content usg_post_content_1\"><p><span>Der Zweckverband \u201eInterkommunales Gewerbe- und Industriegebiet Heidelberg \u2013 Leimen\u201c gibt die Haushaltssatzung mit Haushaltsplan f\u00fcr das Haushaltsjahr 2025 bekannt.<\/span><\/p>\n<\/div><\/div><div class=\"w-vwrapper usg_vwrapper_2 align_none valign_top\"><a class=\"w-btn us-btn-style_5 usg_btn_1 icon_atright\" target=\"_blank\" href=\"https:\/\/www.economypark.de\/wp-content\/uploads\/2024\/12\/Bekanntmachung-Haushalt-2025.pdf\"><span class=\"w-btn-label\">Herunterladen<\/span><i class=\"fas fa-chevron-right\"><\/i><\/a><\/div><\/div>\t\t<\/div>\r\n\t\t\t<\/article>\r\n\t<article class=\"w-grid-item us_animate_afb size_1x1 post-1171 post type-post status-publish format-standard has-post-thumbnail hentry category-download-de category-gutachten category-bekanntmachungen\" data-id=\"1171\">\r\n\t\t<div class=\"w-grid-item-h\">\r\n\t\t\t\t\t\t<div class=\"w-hwrapper usg_hwrapper_1 align_justify valign_bottom stack_on_mobiles\" style=\"--hwrapper-gap:1.5rem\"><div class=\"w-vwrapper usg_vwrapper_1 align_left valign_top\" style=\"--vwrapper-gap:1rem\"><div class=\"w-post-elm post_taxonomy usg_post_taxonomy_1 style_simple color_link_inherit\"><span class=\"term-50 term-download-de\">Download<\/span><b>, <\/b><span class=\"term-64 term-gutachten\">Gutachten\/Planungsgrundlage<\/span><b>, <\/b><span class=\"term-66 term-bekanntmachungen\">\u00d6ffentliche Bekanntmachung<\/span><\/div><h4 class=\"w-post-elm post_title usg_post_title_1 entry-title color_link_inherit\">Bekanntmachung der Sanierungssatzung &#8222;Interkommunales Gewerbe- und Industriegebiet Heidelberg &#8211; Leimen&#8220;<\/h4><div class=\"w-post-elm post_content usg_post_content_1\"><p>Ein Teil des Verbandsgebietes des Zweckverbandes \u201eInterkommunales Gewerbe- und Industriegebiet Heidelberg-Leimen\u201c wird f\u00f6rmlich als Sanierungsgebiet \u201eInterkommunales Gewerbe- und Industriegebiet Heidelberg-Leimen\u201c festgelegt &#8230;<\/p>\n<\/div><\/div><div class=\"w-vwrapper usg_vwrapper_2 align_none valign_top\"><a class=\"w-btn us-btn-style_5 usg_btn_1 icon_atright\" target=\"_blank\" href=\"https:\/\/www.economypark.de\/wp-content\/uploads\/2024\/12\/20241217-Oeffentliche-Bekanntmachung-ueber-die-foermliche-Festlegung-des-Sanierungsgebietes.pdf\"><span class=\"w-btn-label\">Herunterladen<\/span><i class=\"fas fa-chevron-right\"><\/i><\/a><\/div><\/div>\t\t<\/div>\r\n\t\t\t<\/article>\r\n\t<article class=\"w-grid-item us_animate_afb size_1x1 post-866 post type-post status-publish format-standard hentry category-download-de category-bekanntmachungen\" data-id=\"866\">\r\n\t\t<div class=\"w-grid-item-h\">\r\n\t\t\t\t\t\t<div class=\"w-hwrapper usg_hwrapper_1 align_justify valign_bottom stack_on_mobiles\" style=\"--hwrapper-gap:1.5rem\"><div class=\"w-vwrapper usg_vwrapper_1 align_left valign_top\" style=\"--vwrapper-gap:1rem\"><div class=\"w-post-elm post_taxonomy usg_post_taxonomy_1 style_simple color_link_inherit\"><span class=\"term-50 term-download-de\">Download<\/span><b>, <\/b><span class=\"term-66 term-bekanntmachungen\">\u00d6ffentliche Bekanntmachung<\/span><\/div><h4 class=\"w-post-elm post_title usg_post_title_1 entry-title color_link_inherit\">Bekanntmachung des Jahresabschlusses f\u00fcr das Haushaltsjahr 2023<\/h4><div class=\"w-post-elm post_content usg_post_content_1\"><p>Der Zweckverband \u201eInterkommunales Gewerbe- und Industriegebiet Heidelberg \u2013 Leimen\u201c gibt die Feststellung des Jahresergebnisses und das Ergebnis der Pr\u00fcfung des Jahresabschlusses f\u00fcr das Haushaltsjahr 2023 bekannt.<br \/>\nDas Rechnungspr\u00fcfungsamt der Stadt Heidelberg hat f\u00fcr den Jahresabschluss 2023 und Rechenschaftsbericht den uneingeschr\u00e4nkten Best\u00e4tigungsvermerk erteilt.<br \/>\nDie Verbandsversammlung des Zweckverbandes \u201eInterkommunales Gewerbe- und Industriegebiet Heidelberg \u2013 Leimen\u201c hat am 16. Juli 2023 beschlossen, den gepr\u00fcften Jahresabschluss mit Rechenschaftsbericht festzustellen.<br \/>\nDie Auslegung des Jahresabschlusses erfolgt in der Zeit vom 25. Juli 2024 bis 02. August 2024 in der Gesch\u00e4ftsstelle des Zweckverbandes, Bgm.-Weidemaier-Str. 35, 69181 Leimen; Montag bis Freitag zwischen 8.30 und 16.30 Uhr nach vorheriger Terminvereinbarung unter den Telefonnummern 06221\/58-10152 oder 06221\/58-10151.<\/p>\n<\/div><\/div><div class=\"w-vwrapper usg_vwrapper_2 align_none valign_top\"><\/div><\/div>\t\t<\/div>\r\n\t\t\t<\/article>\r\n<\/div><div class=\"g-loadmore hidden\"><div class=\"g-preloader type_1\"><div><\/div><\/div><\/div><div class=\"w-grid-list-json hidden\" onclick='return {&quot;max_num_pages&quot;:0,&quot;paginationBase&quot;:&quot;page&quot;,&quot;pagination&quot;:&quot;none&quot;,&quot;paged&quot;:1,&quot;ajaxData&quot;:{&quot;action&quot;:&quot;us_ajax_post_list&quot;,&quot;meta_type&quot;:&quot;post&quot;,&quot;object_id&quot;:0,&quot;template_vars&quot;:{&quot;shortcode_base&quot;:&quot;us_post_list&quot;,&quot;paged&quot;:1,&quot;max_num_pages&quot;:0,&quot;no_results&quot;:false,&quot;us_post_content_design_css&quot;:[],&quot;found_posts&quot;:0,&quot;per_page&quot;:999,&quot;items_count&quot;:7,&quot;orderby_random_seed&quot;:null,&quot;source&quot;:&quot;all&quot;,&quot;custom_field_name&quot;:&quot;&quot;,&quot;ids&quot;:&quot;&quot;,&quot;post_type&quot;:&quot;post&quot;,&quot;attachment_ids&quot;:null,&quot;include_post_thumbnail&quot;:0,&quot;post_author&quot;:&quot;any&quot;,&quot;post_author_ids&quot;:&quot;&quot;,&quot;apply_url_params&quot;:&quot;1&quot;,&quot;ignore_sticky_posts&quot;:&quot;0&quot;,&quot;exclude_children&quot;:0,&quot;exclude_current_post&quot;:1,&quot;exclude_prev_posts&quot;:0,&quot;exclude_past_events&quot;:&quot;1&quot;,&quot;enable_items_offset&quot;:0,&quot;items_offset&quot;:&quot;1&quot;,&quot;tax_query_relation&quot;:&quot;AND&quot;,&quot;tax_query&quot;:&quot;%5B%7B%22operator%22%3A%22IN%22%2C%22taxonomy%22%3A%22category%22%2C%22terms%22%3A%2266%22%2C%22include_children%22%3A0%7D%5D&quot;,&quot;meta_query_relation&quot;:&quot;none&quot;,&quot;meta_query&quot;:[{&quot;key&quot;:&quot;custom_field_name&quot;,&quot;compare&quot;:&quot;=&quot;,&quot;value&quot;:&quot;&quot;}],&quot;orderby&quot;:&quot;date&quot;,&quot;orderby_custom_field&quot;:&quot;&quot;,&quot;orderby_custom_type&quot;:0,&quot;order_invert&quot;:&quot;1&quot;,&quot;show_all&quot;:&quot;1&quot;,&quot;quantity&quot;:&quot;12&quot;,&quot;posts_per_archive_page&quot;:0,&quot;no_items_action&quot;:&quot;message&quot;,&quot;no_items_message&quot;:&quot;Aktuell sind hier keine Eintr\\u00e4ge vorhanden.&quot;,&quot;no_items_page_block&quot;:&quot;&quot;,&quot;pagination&quot;:&quot;none&quot;,&quot;pagination_style&quot;:&quot;&quot;,&quot;pagination_btn_text&quot;:&quot;Mehr laden&quot;,&quot;pagination_btn_size&quot;:&quot;&quot;,&quot;pagination_btn_style&quot;:&quot;1&quot;,&quot;pagination_btn_fullwidth&quot;:0,&quot;items_layout&quot;:&quot;941&quot;,&quot;type&quot;:&quot;grid&quot;,&quot;items_valign&quot;:0,&quot;ignore_items_size&quot;:0,&quot;columns&quot;:&quot;1&quot;,&quot;items_gap&quot;:&quot;1.5rem&quot;,&quot;load_animation&quot;:&quot;afb&quot;,&quot;items_preload_style&quot;:&quot;spinner&quot;,&quot;img_size&quot;:&quot;default&quot;,&quot;title_size&quot;:&quot;&quot;,&quot;items_ratio&quot;:&quot;default&quot;,&quot;items_ratio_width&quot;:&quot;21&quot;,&quot;items_ratio_height&quot;:&quot;9&quot;,&quot;overriding_link&quot;:&quot;%7B%22url%22%3A%22%22%7D&quot;,&quot;popup_page_template&quot;:&quot;0&quot;,&quot;popup_width&quot;:&quot;&quot;,&quot;popup_arrows&quot;:1,&quot;breakpoint_1_width&quot;:&quot;1201px&quot;,&quot;breakpoint_1_cols&quot;:&quot;1&quot;,&quot;breakpoint_1_quantity&quot;:&quot;&quot;,&quot;breakpoint_1_gap&quot;:&quot;&quot;,&quot;breakpoint_2_width&quot;:&quot;901px&quot;,&quot;breakpoint_2_cols&quot;:&quot;1&quot;,&quot;breakpoint_2_quantity&quot;:&quot;&quot;,&quot;breakpoint_2_gap&quot;:&quot;&quot;,&quot;breakpoint_3_width&quot;:&quot;601px&quot;,&quot;breakpoint_3_cols&quot;:&quot;1&quot;,&quot;breakpoint_3_quantity&quot;:&quot;&quot;,&quot;breakpoint_3_gap&quot;:&quot;&quot;,&quot;conditions_operator&quot;:&quot;always&quot;,&quot;conditions&quot;:[],&quot;css&quot;:null,&quot;el_class&quot;:&quot;&quot;,&quot;el_id&quot;:&quot;&quot;,&quot;enable_custom_html_atts&quot;:0,&quot;custom_html_atts&quot;:null,&quot;hide_on_states&quot;:&quot;&quot;,&quot;hide_for_sticky&quot;:0,&quot;hide_for_not_sticky&quot;:0,&quot;hide_below&quot;:&quot;0px&quot;,&quot;hide_above&quot;:&quot;0px&quot;,&quot;classes&quot;:&quot;&quot;},&quot;found_posts&quot;:0,&quot;per_page&quot;:999,&quot;list_filters&quot;:&quot;[]&quot;},&quot;facetedFilter&quot;:{&quot;query_args_unfiltered&quot;:&quot;{\\&quot;ignore_sticky_posts\\&quot;:false,\\&quot;post__not_in\\&quot;:[],\\&quot;tax_query\\&quot;:{\\&quot;0\\&quot;:{\\&quot;operator\\&quot;:\\&quot;IN\\&quot;,\\&quot;taxonomy\\&quot;:\\&quot;category\\&quot;,\\&quot;terms\\&quot;:[\\&quot;66\\&quot;],\\&quot;include_children\\&quot;:false},\\&quot;relation\\&quot;:\\&quot;AND\\&quot;},\\&quot;meta_query\\&quot;:[],\\&quot;posts_per_page\\&quot;:999,\\&quot;paged\\&quot;:1,\\&quot;apply_list_url_params\\&quot;:true,\\&quot;post_type\\&quot;:[\\&quot;post\\&quot;],\\&quot;no_found_rows\\&quot;:true,\\&quot;post_status\\&quot;:\\&quot;publish\\&quot;}&quot;}}'><\/div><\/div><\/div><\/div><\/div><\/div><\/div><\/section><section class=\"l-section wpb_row height_medium\" id=\"allgemeines\"><div class=\"l-section-h i-cf\"><div class=\"g-cols vc_row via_flex valign_top type_default stacking_default\"><div class=\"vc_col-sm-12 wpb_column vc_column_container\"><div class=\"vc_column-inner\"><div class=\"wpb_wrapper\"><div class=\"wpb_text_column us_custom_70facfb4\"><div class=\"wpb_wrapper\"><h3>Allgemeines<\/h3>\n<\/div><\/div><div class=\"w-grid us_post_list type_grid layout_941 cols_1 preload_style_spinner with_css_animation\" id=\"us_post_list_c4fe\" style=\"--columns:1;--gap:1.5rem;\"><div class=\"w-grid-list\">\t<article class=\"w-grid-item us_animate_afb size_1x1 post-1631 post type-post status-publish format-standard hentry category-allgemeines category-download-de\" data-id=\"1631\">\r\n\t\t<div class=\"w-grid-item-h\">\r\n\t\t\t\t\t\t<div class=\"w-hwrapper usg_hwrapper_1 align_justify valign_bottom stack_on_mobiles\" style=\"--hwrapper-gap:1.5rem\"><div class=\"w-vwrapper usg_vwrapper_1 align_left valign_top\" style=\"--vwrapper-gap:1rem\"><div class=\"w-post-elm post_taxonomy usg_post_taxonomy_1 style_simple color_link_inherit\"><span class=\"term-82 term-allgemeines\">Allgemeines<\/span><b>, <\/b><span class=\"term-50 term-download-de\">Download<\/span><\/div><h4 class=\"w-post-elm post_title usg_post_title_1 entry-title color_link_inherit\">Info-Flyer des ECONOMYPARK<\/h4><\/div><div class=\"w-vwrapper usg_vwrapper_2 align_none valign_top\"><a class=\"w-btn us-btn-style_5 usg_btn_1 icon_atright\" target=\"_blank\" href=\"https:\/\/www.economypark.de\/wp-content\/uploads\/2025\/10\/Flyer-EXPO-2025_final-Seiten-getauscht.pdf\"><span class=\"w-btn-label\">Herunterladen<\/span><i class=\"fas fa-chevron-right\"><\/i><\/a><\/div><\/div>\t\t<\/div>\r\n\t\t\t<\/article>\r\n\t<article class=\"w-grid-item us_animate_afb size_1x1 post-738 post type-post status-publish format-standard hentry category-allgemeines category-download-de\" data-id=\"738\">\r\n\t\t<div class=\"w-grid-item-h\">\r\n\t\t\t\t\t\t<div class=\"w-hwrapper usg_hwrapper_1 align_justify valign_bottom stack_on_mobiles\" style=\"--hwrapper-gap:1.5rem\"><div class=\"w-vwrapper usg_vwrapper_1 align_left valign_top\" style=\"--vwrapper-gap:1rem\"><div class=\"w-post-elm post_taxonomy usg_post_taxonomy_1 style_simple color_link_inherit\"><span class=\"term-82 term-allgemeines\">Allgemeines<\/span><b>, <\/b><span class=\"term-50 term-download-de\">Download<\/span><\/div><h4 class=\"w-post-elm post_title usg_post_title_1 entry-title color_link_inherit\">Verbandssatzung mit offiziellem Abgrenzungsplan<\/h4><div class=\"w-post-elm post_content usg_post_content_1\"><p>Die Verbandssatzung mit offiziellen Abgrenzungsplan wurde von den Mitgliedern des Zweckverbandes in der konstituierenden Sitzung am 17. M\u00e4rz 2021 verabschiedet.<\/p>\n<\/div><\/div><div class=\"w-vwrapper usg_vwrapper_2 align_none valign_top\"><a class=\"w-btn us-btn-style_5 usg_btn_1 icon_atright\" target=\"_blank\" href=\"https:\/\/www.economypark.de\/wp-content\/uploads\/2024\/11\/Verbandssatzung-mit-Abgrenzungsplan.pdf\"><span class=\"w-btn-label\">Herunterladen<\/span><i class=\"fas fa-chevron-right\"><\/i><\/a><\/div><\/div>\t\t<\/div>\r\n\t\t\t<\/article>\r\n\t<article class=\"w-grid-item us_animate_afb size_1x1 post-735 post type-post status-publish format-standard hentry category-allgemeines category-download-de\" data-id=\"735\">\r\n\t\t<div class=\"w-grid-item-h\">\r\n\t\t\t\t\t\t<div class=\"w-hwrapper usg_hwrapper_1 align_justify valign_bottom stack_on_mobiles\" style=\"--hwrapper-gap:1.5rem\"><div class=\"w-vwrapper usg_vwrapper_1 align_left valign_top\" style=\"--vwrapper-gap:1rem\"><div class=\"w-post-elm post_taxonomy usg_post_taxonomy_1 style_simple color_link_inherit\"><span class=\"term-82 term-allgemeines\">Allgemeines<\/span><b>, <\/b><span class=\"term-50 term-download-de\">Download<\/span><\/div><h4 class=\"w-post-elm post_title usg_post_title_1 entry-title color_link_inherit\">Letter of Intent<\/h4><div class=\"w-post-elm post_content usg_post_content_1\"><p>Mit dem Letter of Intent vom 05. Juli 2018 haben die beiden St\u00e4dte Heidelberg und Leimen einen Handlungsrahmen geschaffen, um eine zukunftsorientierte &#8230;<\/p>\n<\/div><\/div><div class=\"w-vwrapper usg_vwrapper_2 align_none valign_top\"><a class=\"w-btn us-btn-style_5 usg_btn_1 icon_atright\" target=\"_blank\" href=\"\/wp-content\/uploads\/2023\/07\/Letter_of_Intent.pdf\"><span class=\"w-btn-label\">Herunterladen<\/span><i class=\"fas fa-chevron-right\"><\/i><\/a><\/div><\/div>\t\t<\/div>\r\n\t\t\t<\/article>\r\n<\/div><div class=\"g-loadmore hidden\"><div class=\"g-preloader type_1\"><div><\/div><\/div><\/div><div class=\"w-grid-list-json hidden\" onclick='return {&quot;max_num_pages&quot;:0,&quot;paginationBase&quot;:&quot;page&quot;,&quot;pagination&quot;:&quot;none&quot;,&quot;paged&quot;:1,&quot;ajaxData&quot;:{&quot;action&quot;:&quot;us_ajax_post_list&quot;,&quot;meta_type&quot;:&quot;post&quot;,&quot;object_id&quot;:0,&quot;template_vars&quot;:{&quot;shortcode_base&quot;:&quot;us_post_list&quot;,&quot;paged&quot;:1,&quot;max_num_pages&quot;:0,&quot;no_results&quot;:false,&quot;us_post_content_design_css&quot;:[],&quot;found_posts&quot;:0,&quot;per_page&quot;:999,&quot;items_count&quot;:3,&quot;orderby_random_seed&quot;:null,&quot;source&quot;:&quot;all&quot;,&quot;custom_field_name&quot;:&quot;&quot;,&quot;ids&quot;:&quot;&quot;,&quot;post_type&quot;:&quot;post&quot;,&quot;attachment_ids&quot;:null,&quot;include_post_thumbnail&quot;:0,&quot;post_author&quot;:&quot;any&quot;,&quot;post_author_ids&quot;:&quot;&quot;,&quot;apply_url_params&quot;:&quot;0&quot;,&quot;ignore_sticky_posts&quot;:&quot;0&quot;,&quot;exclude_children&quot;:0,&quot;exclude_current_post&quot;:1,&quot;exclude_prev_posts&quot;:0,&quot;exclude_past_events&quot;:&quot;1&quot;,&quot;enable_items_offset&quot;:0,&quot;items_offset&quot;:&quot;1&quot;,&quot;tax_query_relation&quot;:&quot;AND&quot;,&quot;tax_query&quot;:&quot;%5B%7B%22operator%22%3A%22IN%22%2C%22taxonomy%22%3A%22category%22%2C%22terms%22%3A%2282%22%2C%22include_children%22%3A0%7D%5D&quot;,&quot;meta_query_relation&quot;:&quot;none&quot;,&quot;meta_query&quot;:[{&quot;key&quot;:&quot;custom_field_name&quot;,&quot;compare&quot;:&quot;=&quot;,&quot;value&quot;:&quot;&quot;}],&quot;orderby&quot;:&quot;date&quot;,&quot;orderby_custom_field&quot;:&quot;&quot;,&quot;orderby_custom_type&quot;:0,&quot;order_invert&quot;:&quot;1&quot;,&quot;show_all&quot;:&quot;1&quot;,&quot;quantity&quot;:&quot;12&quot;,&quot;posts_per_archive_page&quot;:0,&quot;no_items_action&quot;:&quot;message&quot;,&quot;no_items_message&quot;:&quot;Aktuell sind hier keine Eintr\\u00e4ge vorhanden.&quot;,&quot;no_items_page_block&quot;:&quot;&quot;,&quot;pagination&quot;:&quot;none&quot;,&quot;pagination_style&quot;:&quot;&quot;,&quot;pagination_btn_text&quot;:&quot;Mehr laden&quot;,&quot;pagination_btn_size&quot;:&quot;&quot;,&quot;pagination_btn_style&quot;:&quot;1&quot;,&quot;pagination_btn_fullwidth&quot;:0,&quot;items_layout&quot;:&quot;941&quot;,&quot;type&quot;:&quot;grid&quot;,&quot;items_valign&quot;:0,&quot;ignore_items_size&quot;:0,&quot;columns&quot;:&quot;1&quot;,&quot;items_gap&quot;:&quot;1.5rem&quot;,&quot;load_animation&quot;:&quot;afb&quot;,&quot;items_preload_style&quot;:&quot;spinner&quot;,&quot;img_size&quot;:&quot;default&quot;,&quot;title_size&quot;:&quot;&quot;,&quot;items_ratio&quot;:&quot;default&quot;,&quot;items_ratio_width&quot;:&quot;21&quot;,&quot;items_ratio_height&quot;:&quot;9&quot;,&quot;overriding_link&quot;:&quot;%7B%22url%22%3A%22%22%7D&quot;,&quot;popup_page_template&quot;:&quot;0&quot;,&quot;popup_width&quot;:&quot;&quot;,&quot;popup_arrows&quot;:1,&quot;breakpoint_1_width&quot;:&quot;1201px&quot;,&quot;breakpoint_1_cols&quot;:&quot;1&quot;,&quot;breakpoint_1_quantity&quot;:&quot;&quot;,&quot;breakpoint_1_gap&quot;:&quot;&quot;,&quot;breakpoint_2_width&quot;:&quot;901px&quot;,&quot;breakpoint_2_cols&quot;:&quot;1&quot;,&quot;breakpoint_2_quantity&quot;:&quot;&quot;,&quot;breakpoint_2_gap&quot;:&quot;&quot;,&quot;breakpoint_3_width&quot;:&quot;601px&quot;,&quot;breakpoint_3_cols&quot;:&quot;1&quot;,&quot;breakpoint_3_quantity&quot;:&quot;&quot;,&quot;breakpoint_3_gap&quot;:&quot;&quot;,&quot;conditions_operator&quot;:&quot;always&quot;,&quot;conditions&quot;:[],&quot;css&quot;:null,&quot;el_class&quot;:&quot;&quot;,&quot;el_id&quot;:&quot;&quot;,&quot;enable_custom_html_atts&quot;:0,&quot;custom_html_atts&quot;:null,&quot;hide_on_states&quot;:&quot;&quot;,&quot;hide_for_sticky&quot;:0,&quot;hide_for_not_sticky&quot;:0,&quot;hide_below&quot;:&quot;0px&quot;,&quot;hide_above&quot;:&quot;0px&quot;,&quot;classes&quot;:&quot;&quot;},&quot;found_posts&quot;:0,&quot;per_page&quot;:999},&quot;facetedFilter&quot;:[]}'><\/div><\/div><\/div><\/div><\/div><\/div><\/div><\/section><section class=\"l-section wpb_row height_medium\" id=\"finanzen\"><div class=\"l-section-h i-cf\"><div class=\"g-cols vc_row via_flex valign_top type_default stacking_default\"><div class=\"vc_col-sm-12 wpb_column vc_column_container\"><div class=\"vc_column-inner\"><div class=\"wpb_wrapper\"><div class=\"wpb_text_column us_custom_70facfb4\"><div class=\"wpb_wrapper\"><h3>Finanzen<\/h3>\n<\/div><\/div><div class=\"w-grid us_post_list type_grid layout_941 cols_1 preload_style_spinner with_css_animation\" id=\"us_post_list_aa7e\" style=\"--columns:1;--gap:1.5rem;\"><div class=\"w-grid-list\">\t<article class=\"w-grid-item us_animate_afb size_1x1 post-1722 post type-post status-publish format-standard hentry category-download-de category-finanzen category-bekanntmachungen\" data-id=\"1722\">\r\n\t\t<div class=\"w-grid-item-h\">\r\n\t\t\t\t\t\t<div class=\"w-hwrapper usg_hwrapper_1 align_justify valign_bottom stack_on_mobiles\" style=\"--hwrapper-gap:1.5rem\"><div class=\"w-vwrapper usg_vwrapper_1 align_left valign_top\" style=\"--vwrapper-gap:1rem\"><div class=\"w-post-elm post_taxonomy usg_post_taxonomy_1 style_simple color_link_inherit\"><span class=\"term-50 term-download-de\">Download<\/span><b>, <\/b><span class=\"term-62 term-finanzen\">Finanzen<\/span><b>, <\/b><span class=\"term-66 term-bekanntmachungen\">\u00d6ffentliche Bekanntmachung<\/span><\/div><h4 class=\"w-post-elm post_title usg_post_title_1 entry-title color_link_inherit\">Haushaltssatzung und Bekanntmachung der Haushaltssatzung 2026 des Zweckverbandes<\/h4><div class=\"w-post-elm post_content usg_post_content_1\"><p>Die Haushaltssatzung mit ihren Anlagen f\u00fcr das Haushaltsjahr 2026 wird hiermit \u00f6ffentlich bekannt gemacht. Die von der Verbandsversammlung beschlossene Haushaltssatzung mit ihren Anlagen wurde gem\u00e4\u00df \u00a7 81 Absatz 2 GemO der Rechtsaufsichtsbeh\u00f6rde am 20. November 2025 vorgelegt.<\/p>\n<p>Das Regierungspr\u00e4sidium Karlsruhe hat mit Schreiben vom 25. November 2025 die Gesetzm\u00e4\u00dfigkeit Haushaltssatzung des Zweckverbandes f\u00fcr das Haushaltsjahr 2026 best\u00e4tigt.<br \/>\nDie Haushaltssatzung enth\u00e4lt keine genehmigungspflichtigen Teile.<\/p>\n<p>Der Haushaltsplan wird auf der Internetseite des Zweckverbandes \u00f6ffentlich bereitgestellt. Er ist unter folgendem Link abrufbar <a href=\"https:\/\/www.economypark.de\/downloads\/#downloads\">https:\/\/www.economypark.de\/downloads\/#downloads<\/a>.<br \/>\nEr steht dort bis zur Bekanntmachung der n\u00e4chsten Haushaltssatzung zur Verf\u00fcgung.<\/p>\n<\/div><\/div><div class=\"w-vwrapper usg_vwrapper_2 align_none valign_top\"><a class=\"w-btn us-btn-style_5 usg_btn_1 icon_atright\" target=\"_blank\" href=\"https:\/\/www.economypark.de\/wp-content\/uploads\/2025\/11\/20251124-Bekanntmachung-Haushaltssatzung-2026.pdf\"><span class=\"w-btn-label\">Herunterladen<\/span><i class=\"fas fa-chevron-right\"><\/i><\/a><\/div><\/div>\t\t<\/div>\r\n\t\t\t<\/article>\r\n\t<article class=\"w-grid-item us_animate_afb size_1x1 post-1732 post type-post status-publish format-standard hentry category-download-de category-finanzen\" data-id=\"1732\">\r\n\t\t<div class=\"w-grid-item-h\">\r\n\t\t\t\t\t\t<div class=\"w-hwrapper usg_hwrapper_1 align_justify valign_bottom stack_on_mobiles\" style=\"--hwrapper-gap:1.5rem\"><div class=\"w-vwrapper usg_vwrapper_1 align_left valign_top\" style=\"--vwrapper-gap:1rem\"><div class=\"w-post-elm post_taxonomy usg_post_taxonomy_1 style_simple color_link_inherit\"><span class=\"term-50 term-download-de\">Download<\/span><b>, <\/b><span class=\"term-62 term-finanzen\">Finanzen<\/span><\/div><h4 class=\"w-post-elm post_title usg_post_title_1 entry-title color_link_inherit\">Haushalt 2026<\/h4><div class=\"w-post-elm post_content usg_post_content_1\"><p>In der Verbandsversammlung am 19. November 2025 hat die Verbandsversammlung die Haushaltssatzung mit Haushaltsplan f\u00fcr das Haushaltsjahr 2026 beschlossen.<\/p>\n<\/div><\/div><div class=\"w-vwrapper usg_vwrapper_2 align_none valign_top\"><a class=\"w-btn us-btn-style_5 usg_btn_1 icon_atright\" target=\"_blank\" href=\"https:\/\/www.economypark.de\/wp-content\/uploads\/2025\/11\/Haushalt-2026.pdf\"><span class=\"w-btn-label\">Herunterladen<\/span><i class=\"fas fa-chevron-right\"><\/i><\/a><\/div><\/div>\t\t<\/div>\r\n\t\t\t<\/article>\r\n\t<article class=\"w-grid-item us_animate_afb size_1x1 post-1471 post type-post status-publish format-standard hentry category-download-de category-finanzen\" data-id=\"1471\">\r\n\t\t<div class=\"w-grid-item-h\">\r\n\t\t\t\t\t\t<div class=\"w-hwrapper usg_hwrapper_1 align_justify valign_bottom stack_on_mobiles\" style=\"--hwrapper-gap:1.5rem\"><div class=\"w-vwrapper usg_vwrapper_1 align_left valign_top\" style=\"--vwrapper-gap:1rem\"><div class=\"w-post-elm post_taxonomy usg_post_taxonomy_1 style_simple color_link_inherit\"><span class=\"term-50 term-download-de\">Download<\/span><b>, <\/b><span class=\"term-62 term-finanzen\">Finanzen<\/span><\/div><h4 class=\"w-post-elm post_title usg_post_title_1 entry-title color_link_inherit\">Jahresabschluss 2024<\/h4><div class=\"w-post-elm post_content usg_post_content_1\"><p>Der Jahresabschluss mit Rechenschaftsbericht zum 31. Dezember 2024 wurde in der Verbandsversammlung am<br \/>\n15. Juli 2025 durch das Gremium festgestellt. Der Jahresabschluss 2024 kann hier eingesehen werden.<\/p>\n<\/div><\/div><div class=\"w-vwrapper usg_vwrapper_2 align_none valign_top\"><a class=\"w-btn us-btn-style_5 usg_btn_1 icon_atright\" target=\"_blank\" href=\"https:\/\/www.economypark.de\/wp-content\/uploads\/2025\/07\/20250331-Jahresabschluss-2024.pdf\"><span class=\"w-btn-label\">Herunterladen<\/span><i class=\"fas fa-chevron-right\"><\/i><\/a><\/div><\/div>\t\t<\/div>\r\n\t\t\t<\/article>\r\n\t<article class=\"w-grid-item us_animate_afb size_1x1 post-1192 post type-post status-publish format-standard hentry category-download-de category-finanzen category-bekanntmachungen\" data-id=\"1192\">\r\n\t\t<div class=\"w-grid-item-h\">\r\n\t\t\t\t\t\t<div class=\"w-hwrapper usg_hwrapper_1 align_justify valign_bottom stack_on_mobiles\" style=\"--hwrapper-gap:1.5rem\"><div class=\"w-vwrapper usg_vwrapper_1 align_left valign_top\" style=\"--vwrapper-gap:1rem\"><div class=\"w-post-elm post_taxonomy usg_post_taxonomy_1 style_simple color_link_inherit\"><span class=\"term-50 term-download-de\">Download<\/span><b>, <\/b><span class=\"term-62 term-finanzen\">Finanzen<\/span><b>, <\/b><span class=\"term-66 term-bekanntmachungen\">\u00d6ffentliche Bekanntmachung<\/span><\/div><h4 class=\"w-post-elm post_title usg_post_title_1 entry-title color_link_inherit\">\u00d6ffentliche Bekanntmachung der Haushaltssatzung 2025<\/h4><div class=\"w-post-elm post_content usg_post_content_1\"><p><span>Der Zweckverband \u201eInterkommunales Gewerbe- und Industriegebiet Heidelberg \u2013 Leimen\u201c gibt die Haushaltssatzung mit Haushaltsplan f\u00fcr das Haushaltsjahr 2025 bekannt.<\/span><\/p>\n<\/div><\/div><div class=\"w-vwrapper usg_vwrapper_2 align_none valign_top\"><a class=\"w-btn us-btn-style_5 usg_btn_1 icon_atright\" target=\"_blank\" href=\"https:\/\/www.economypark.de\/wp-content\/uploads\/2024\/12\/Bekanntmachung-Haushalt-2025.pdf\"><span class=\"w-btn-label\">Herunterladen<\/span><i class=\"fas fa-chevron-right\"><\/i><\/a><\/div><\/div>\t\t<\/div>\r\n\t\t\t<\/article>\r\n\t<article class=\"w-grid-item us_animate_afb size_1x1 post-1306 post type-post status-publish format-standard hentry category-download-de category-finanzen\" data-id=\"1306\">\r\n\t\t<div class=\"w-grid-item-h\">\r\n\t\t\t\t\t\t<div class=\"w-hwrapper usg_hwrapper_1 align_justify valign_bottom stack_on_mobiles\" style=\"--hwrapper-gap:1.5rem\"><div class=\"w-vwrapper usg_vwrapper_1 align_left valign_top\" style=\"--vwrapper-gap:1rem\"><div class=\"w-post-elm post_taxonomy usg_post_taxonomy_1 style_simple color_link_inherit\"><span class=\"term-50 term-download-de\">Download<\/span><b>, <\/b><span class=\"term-62 term-finanzen\">Finanzen<\/span><\/div><h4 class=\"w-post-elm post_title usg_post_title_1 entry-title color_link_inherit\">Haushalt 2025<\/h4><div class=\"w-post-elm post_content usg_post_content_1\"><p>In der Verbandsversammlung am 26. November 2024 hat die Verbandsversammlung die Haushaltssatzung mit Haushaltsplan f\u00fcr das Haushaltsjahr 2025 beschlossen.<\/p>\n<\/div><\/div><div class=\"w-vwrapper usg_vwrapper_2 align_none valign_top\"><a class=\"w-btn us-btn-style_5 usg_btn_1 icon_atright\" target=\"_blank\" href=\"https:\/\/www.economypark.de\/wp-content\/uploads\/2024\/12\/Haushalt-2025.pdf\"><span class=\"w-btn-label\">Herunterladen<\/span><i class=\"fas fa-chevron-right\"><\/i><\/a><\/div><\/div>\t\t<\/div>\r\n\t\t\t<\/article>\r\n\t<article class=\"w-grid-item us_animate_afb size_1x1 post-844 post type-post status-publish format-standard hentry category-download-de category-finanzen\" data-id=\"844\">\r\n\t\t<div class=\"w-grid-item-h\">\r\n\t\t\t\t\t\t<div class=\"w-hwrapper usg_hwrapper_1 align_justify valign_bottom stack_on_mobiles\" style=\"--hwrapper-gap:1.5rem\"><div class=\"w-vwrapper usg_vwrapper_1 align_left valign_top\" style=\"--vwrapper-gap:1rem\"><div class=\"w-post-elm post_taxonomy usg_post_taxonomy_1 style_simple color_link_inherit\"><span class=\"term-50 term-download-de\">Download<\/span><b>, <\/b><span class=\"term-62 term-finanzen\">Finanzen<\/span><\/div><h4 class=\"w-post-elm post_title usg_post_title_1 entry-title color_link_inherit\">Jahresabschluss 2023<\/h4><div class=\"w-post-elm post_content usg_post_content_1\"><p>Der Jahresabschluss mit Rechenschaftsbericht zum 31. Dezember 2023 wurde in der Verbandsversammlung am<br \/>\n16. Juli 2024 durch das Gremium festgestellt. Der Jahresabschluss 2023 kann hier eingesehen werden.<\/p>\n<\/div><\/div><div class=\"w-vwrapper usg_vwrapper_2 align_none valign_top\"><a class=\"w-btn us-btn-style_5 usg_btn_1 icon_atright\" target=\"_blank\" href=\"https:\/\/www.economypark.de\/wp-content\/uploads\/2024\/07\/20230716-Jahresabschluss-mit-Rechenschaftsbericht_unterschrieben.pdf\"><span class=\"w-btn-label\">Herunterladen<\/span><i class=\"fas fa-chevron-right\"><\/i><\/a><\/div><\/div>\t\t<\/div>\r\n\t\t\t<\/article>\r\n\t<article class=\"w-grid-item us_animate_afb size_1x1 post-777 post type-post status-publish format-standard hentry category-download-de category-finanzen\" data-id=\"777\">\r\n\t\t<div class=\"w-grid-item-h\">\r\n\t\t\t\t\t\t<div class=\"w-hwrapper usg_hwrapper_1 align_justify valign_bottom stack_on_mobiles\" style=\"--hwrapper-gap:1.5rem\"><div class=\"w-vwrapper usg_vwrapper_1 align_left valign_top\" style=\"--vwrapper-gap:1rem\"><div class=\"w-post-elm post_taxonomy usg_post_taxonomy_1 style_simple color_link_inherit\"><span class=\"term-50 term-download-de\">Download<\/span><b>, <\/b><span class=\"term-62 term-finanzen\">Finanzen<\/span><\/div><h4 class=\"w-post-elm post_title usg_post_title_1 entry-title color_link_inherit\">Haushalt 2024<\/h4><div class=\"w-post-elm post_content usg_post_content_1\"><p>In der Verbandsversammlung am 07. November 2023 hat die Verbandsversammlung die Haushaltssatzung mit Haushaltsplan f\u00fcr das Haushaltsjahr 2024 beschlossen.<\/p>\n<\/div><\/div><div class=\"w-vwrapper usg_vwrapper_2 align_none valign_top\"><a class=\"w-btn us-btn-style_5 usg_btn_1 icon_atright\" target=\"_blank\" href=\"https:\/\/www.economypark.de\/wp-content\/uploads\/2023\/12\/20231017-Haushalt-2024.pdf\"><span class=\"w-btn-label\">Herunterladen<\/span><i class=\"fas fa-chevron-right\"><\/i><\/a><\/div><\/div>\t\t<\/div>\r\n\t\t\t<\/article>\r\n\t<article class=\"w-grid-item us_animate_afb size_1x1 post-768 post type-post status-publish format-standard hentry category-download-de category-finanzen\" data-id=\"768\">\r\n\t\t<div class=\"w-grid-item-h\">\r\n\t\t\t\t\t\t<div class=\"w-hwrapper usg_hwrapper_1 align_justify valign_bottom stack_on_mobiles\" style=\"--hwrapper-gap:1.5rem\"><div class=\"w-vwrapper usg_vwrapper_1 align_left valign_top\" style=\"--vwrapper-gap:1rem\"><div class=\"w-post-elm post_taxonomy usg_post_taxonomy_1 style_simple color_link_inherit\"><span class=\"term-50 term-download-de\">Download<\/span><b>, <\/b><span class=\"term-62 term-finanzen\">Finanzen<\/span><\/div><h4 class=\"w-post-elm post_title usg_post_title_1 entry-title color_link_inherit\">Jahresabschluss 2022<\/h4><div class=\"w-post-elm post_content usg_post_content_1\"><p>Der Jahresabschluss mit Rechenschaftsbericht zum 31. Dezember 2022 wurde in der Verbandsversammlung am<br \/>\n07. November 2023 durch das Gremium festgestellt. Der Jahresabschluss 2022 kann hier eingesehen werden.<\/p>\n<\/div><\/div><div class=\"w-vwrapper usg_vwrapper_2 align_none valign_top\"><a class=\"w-btn us-btn-style_5 usg_btn_1 icon_atright\" target=\"_blank\" href=\"https:\/\/www.economypark.de\/wp-content\/uploads\/2023\/12\/20230925-Jahresabschluss-2022.pdf\"><span class=\"w-btn-label\">Herunterladen<\/span><i class=\"fas fa-chevron-right\"><\/i><\/a><\/div><\/div>\t\t<\/div>\r\n\t\t\t<\/article>\r\n\t<article class=\"w-grid-item us_animate_afb size_1x1 post-742 post type-post status-publish format-standard hentry category-download-de category-finanzen\" data-id=\"742\">\r\n\t\t<div class=\"w-grid-item-h\">\r\n\t\t\t\t\t\t<div class=\"w-hwrapper usg_hwrapper_1 align_justify valign_bottom stack_on_mobiles\" style=\"--hwrapper-gap:1.5rem\"><div class=\"w-vwrapper usg_vwrapper_1 align_left valign_top\" style=\"--vwrapper-gap:1rem\"><div class=\"w-post-elm post_taxonomy usg_post_taxonomy_1 style_simple color_link_inherit\"><span class=\"term-50 term-download-de\">Download<\/span><b>, <\/b><span class=\"term-62 term-finanzen\">Finanzen<\/span><\/div><h4 class=\"w-post-elm post_title usg_post_title_1 entry-title color_link_inherit\">Jahresabschluss 2021<\/h4><div class=\"w-post-elm post_content usg_post_content_1\"><p>Der Jahresabschluss mit Rechenschaftsbericht zum 31. Dezember 2021 wurde in der Verbandsversammlung am 09. November 2022 durch das Gremium festgestellt. Der Jahresabschluss 2022 kann hier eingesehen werden.<\/p>\n<\/div><\/div><div class=\"w-vwrapper usg_vwrapper_2 align_none valign_top\"><a class=\"w-btn us-btn-style_5 usg_btn_1 icon_atright\" target=\"_blank\" href=\"\/wp-content\/uploads\/2023\/07\/Jahresabschluss-2021_Zweckverband-Interkommunales-Gewerbe-und-Industriegebiet-Heidelberg-Leimen.pdf\"><span class=\"w-btn-label\">Herunterladen<\/span><i class=\"fas fa-chevron-right\"><\/i><\/a><\/div><\/div>\t\t<\/div>\r\n\t\t\t<\/article>\r\n\t<article class=\"w-grid-item us_animate_afb size_1x1 post-740 post type-post status-publish format-standard hentry category-download-de category-finanzen\" data-id=\"740\">\r\n\t\t<div class=\"w-grid-item-h\">\r\n\t\t\t\t\t\t<div class=\"w-hwrapper usg_hwrapper_1 align_justify valign_bottom stack_on_mobiles\" style=\"--hwrapper-gap:1.5rem\"><div class=\"w-vwrapper usg_vwrapper_1 align_left valign_top\" style=\"--vwrapper-gap:1rem\"><div class=\"w-post-elm post_taxonomy usg_post_taxonomy_1 style_simple color_link_inherit\"><span class=\"term-50 term-download-de\">Download<\/span><b>, <\/b><span class=\"term-62 term-finanzen\">Finanzen<\/span><\/div><h4 class=\"w-post-elm post_title usg_post_title_1 entry-title color_link_inherit\">Haushalt 2023<\/h4><div class=\"w-post-elm post_content usg_post_content_1\"><p>In der Verbandsversammlung am 09. November 2022 hat die Verbandsversammlung die Haushaltssatzung mit Haushaltsplan f\u00fcr das Haushaltsjahr 2023 beschlossen.<\/p>\n<\/div><\/div><div class=\"w-vwrapper usg_vwrapper_2 align_none valign_top\"><a class=\"w-btn us-btn-style_5 usg_btn_1 icon_atright\" target=\"_blank\" href=\"\/wp-content\/uploads\/2023\/07\/Haushalt-2023-Stand-24.10.2022.pdf\"><span class=\"w-btn-label\">Herunterladen<\/span><i class=\"fas fa-chevron-right\"><\/i><\/a><\/div><\/div>\t\t<\/div>\r\n\t\t\t<\/article>\r\n<\/div><div class=\"g-loadmore hidden\"><div class=\"g-preloader type_1\"><div><\/div><\/div><\/div><div class=\"w-grid-list-json hidden\" onclick='return {&quot;max_num_pages&quot;:0,&quot;paginationBase&quot;:&quot;page&quot;,&quot;pagination&quot;:&quot;none&quot;,&quot;paged&quot;:1,&quot;ajaxData&quot;:{&quot;action&quot;:&quot;us_ajax_post_list&quot;,&quot;meta_type&quot;:&quot;post&quot;,&quot;object_id&quot;:0,&quot;template_vars&quot;:{&quot;shortcode_base&quot;:&quot;us_post_list&quot;,&quot;paged&quot;:1,&quot;max_num_pages&quot;:0,&quot;no_results&quot;:false,&quot;us_post_content_design_css&quot;:[],&quot;found_posts&quot;:0,&quot;per_page&quot;:999,&quot;items_count&quot;:10,&quot;orderby_random_seed&quot;:null,&quot;source&quot;:&quot;all&quot;,&quot;custom_field_name&quot;:&quot;&quot;,&quot;ids&quot;:&quot;&quot;,&quot;post_type&quot;:&quot;post&quot;,&quot;attachment_ids&quot;:null,&quot;include_post_thumbnail&quot;:0,&quot;post_author&quot;:&quot;any&quot;,&quot;post_author_ids&quot;:&quot;&quot;,&quot;apply_url_params&quot;:&quot;0&quot;,&quot;ignore_sticky_posts&quot;:&quot;0&quot;,&quot;exclude_children&quot;:0,&quot;exclude_current_post&quot;:1,&quot;exclude_prev_posts&quot;:0,&quot;exclude_past_events&quot;:&quot;1&quot;,&quot;enable_items_offset&quot;:0,&quot;items_offset&quot;:&quot;1&quot;,&quot;tax_query_relation&quot;:&quot;AND&quot;,&quot;tax_query&quot;:&quot;%5B%7B%22operator%22%3A%22IN%22%2C%22taxonomy%22%3A%22category%22%2C%22terms%22%3A%2262%22%2C%22include_children%22%3A0%7D%5D&quot;,&quot;meta_query_relation&quot;:&quot;none&quot;,&quot;meta_query&quot;:[{&quot;key&quot;:&quot;custom_field_name&quot;,&quot;compare&quot;:&quot;=&quot;,&quot;value&quot;:&quot;&quot;}],&quot;orderby&quot;:&quot;date&quot;,&quot;orderby_custom_field&quot;:&quot;&quot;,&quot;orderby_custom_type&quot;:0,&quot;order_invert&quot;:&quot;1&quot;,&quot;show_all&quot;:&quot;1&quot;,&quot;quantity&quot;:&quot;12&quot;,&quot;posts_per_archive_page&quot;:0,&quot;no_items_action&quot;:&quot;message&quot;,&quot;no_items_message&quot;:&quot;Aktuell sind hier keine Eintr\\u00e4ge vorhanden.&quot;,&quot;no_items_page_block&quot;:&quot;&quot;,&quot;pagination&quot;:&quot;none&quot;,&quot;pagination_style&quot;:&quot;&quot;,&quot;pagination_btn_text&quot;:&quot;Mehr laden&quot;,&quot;pagination_btn_size&quot;:&quot;&quot;,&quot;pagination_btn_style&quot;:&quot;1&quot;,&quot;pagination_btn_fullwidth&quot;:0,&quot;items_layout&quot;:&quot;941&quot;,&quot;type&quot;:&quot;grid&quot;,&quot;items_valign&quot;:0,&quot;ignore_items_size&quot;:0,&quot;columns&quot;:&quot;1&quot;,&quot;items_gap&quot;:&quot;1.5rem&quot;,&quot;load_animation&quot;:&quot;afb&quot;,&quot;items_preload_style&quot;:&quot;spinner&quot;,&quot;img_size&quot;:&quot;default&quot;,&quot;title_size&quot;:&quot;&quot;,&quot;items_ratio&quot;:&quot;default&quot;,&quot;items_ratio_width&quot;:&quot;21&quot;,&quot;items_ratio_height&quot;:&quot;9&quot;,&quot;overriding_link&quot;:&quot;%7B%22url%22%3A%22%22%7D&quot;,&quot;popup_page_template&quot;:&quot;0&quot;,&quot;popup_width&quot;:&quot;&quot;,&quot;popup_arrows&quot;:1,&quot;breakpoint_1_width&quot;:&quot;1201px&quot;,&quot;breakpoint_1_cols&quot;:&quot;1&quot;,&quot;breakpoint_1_quantity&quot;:&quot;&quot;,&quot;breakpoint_1_gap&quot;:&quot;&quot;,&quot;breakpoint_2_width&quot;:&quot;901px&quot;,&quot;breakpoint_2_cols&quot;:&quot;1&quot;,&quot;breakpoint_2_quantity&quot;:&quot;&quot;,&quot;breakpoint_2_gap&quot;:&quot;&quot;,&quot;breakpoint_3_width&quot;:&quot;601px&quot;,&quot;breakpoint_3_cols&quot;:&quot;1&quot;,&quot;breakpoint_3_quantity&quot;:&quot;&quot;,&quot;breakpoint_3_gap&quot;:&quot;&quot;,&quot;conditions_operator&quot;:&quot;always&quot;,&quot;conditions&quot;:[],&quot;css&quot;:null,&quot;el_class&quot;:&quot;&quot;,&quot;el_id&quot;:&quot;&quot;,&quot;enable_custom_html_atts&quot;:0,&quot;custom_html_atts&quot;:null,&quot;hide_on_states&quot;:&quot;&quot;,&quot;hide_for_sticky&quot;:0,&quot;hide_for_not_sticky&quot;:0,&quot;hide_below&quot;:&quot;0px&quot;,&quot;hide_above&quot;:&quot;0px&quot;,&quot;classes&quot;:&quot;&quot;},&quot;found_posts&quot;:0,&quot;per_page&quot;:999},&quot;facetedFilter&quot;:[]}'><\/div><\/div><\/div><\/div><\/div><\/div><\/div><\/section><section class=\"l-section wpb_row height_medium\" id=\"gutachten\"><div class=\"l-section-h i-cf\"><div class=\"g-cols vc_row via_flex valign_top type_default stacking_default\"><div class=\"vc_col-sm-12 wpb_column vc_column_container\"><div class=\"vc_column-inner\"><div class=\"wpb_wrapper\"><div class=\"wpb_text_column us_custom_70facfb4\"><div class=\"wpb_wrapper\"><h3>Gutachten\/Planungsgrundlage<\/h3>\n<\/div><\/div><div class=\"w-grid us_post_list type_grid layout_941 cols_1 preload_style_spinner with_css_animation\" id=\"us_post_list_i082\" style=\"--columns:1;--gap:1.5rem;\"><div class=\"w-grid-list\">\t<article class=\"w-grid-item us_animate_afb size_1x1 post-1526 post type-post status-publish format-standard has-post-thumbnail hentry category-download-de category-gutachten category-bekanntmachungen\" data-id=\"1526\">\r\n\t\t<div class=\"w-grid-item-h\">\r\n\t\t\t\t\t\t<div class=\"w-hwrapper usg_hwrapper_1 align_justify valign_bottom stack_on_mobiles\" style=\"--hwrapper-gap:1.5rem\"><div class=\"w-vwrapper usg_vwrapper_1 align_left valign_top\" style=\"--vwrapper-gap:1rem\"><div class=\"w-post-elm post_taxonomy usg_post_taxonomy_1 style_simple color_link_inherit\"><span class=\"term-50 term-download-de\">Download<\/span><b>, <\/b><span class=\"term-64 term-gutachten\">Gutachten\/Planungsgrundlage<\/span><b>, <\/b><span class=\"term-66 term-bekanntmachungen\">\u00d6ffentliche Bekanntmachung<\/span><\/div><h4 class=\"w-post-elm post_title usg_post_title_1 entry-title color_link_inherit\">Bekanntmachung \u00fcber die Satzung des Zweckverbands \u201eInterkommunales Gewerbe- und Industriegebiet Heidelberg-Leimen\u201c \u00fcber die Ver\u00e4nderungssperre f\u00fcr die Gewanne \u201eFautenb\u00fchl\u201c und \u201eHardt\u00e4cker 2\u201c<\/h4><div class=\"w-post-elm post_content usg_post_content_1\"><p>Die Verbandsversammlung des Zweckverbands \u201eInterkommunales Gewerbe- und Industriegebiet Heidelberg-Leimen\u201c hat in \u00f6ffentlicher Sitzung am 15. Juli 2025 gem\u00e4\u00df gem\u00e4\u00df \u00a7\u00a7 14 und 16 Baugesetzbuch (BauGB) eine Ver\u00e4nderungssperre f\u00fcr die Gewanne &#8222;Fautenb\u00fchl&#8220; und &#8222;Hardt\u00e4cker 2&#8220; erlassen.<\/p>\n<p><img loading=\"lazy\" decoding=\"async\" class=\"alignnone size-medium wp-image-1514\" src=\"https:\/\/www.economypark.de\/wp-content\/uploads\/2025\/07\/UePlan_Fautenbuehl_-300x300.jpg\" alt=\"Auf der \u00dcbersichtskarte ist das Zweckverbandsgebiet zu sehen und die Gewann &quot;Fautenb\u00fchl&quot; und &quot;Hardt\u00e4cker 2&quot; sind farblich markiert\" width=\"300\" height=\"300\" srcset=\"https:\/\/www.economypark.de\/wp-content\/uploads\/2025\/07\/UePlan_Fautenbuehl_-300x300.jpg 300w, https:\/\/www.economypark.de\/wp-content\/uploads\/2025\/07\/UePlan_Fautenbuehl_-1022x1024.jpg 1022w, https:\/\/www.economypark.de\/wp-content\/uploads\/2025\/07\/UePlan_Fautenbuehl_-150x150.jpg 150w, https:\/\/www.economypark.de\/wp-content\/uploads\/2025\/07\/UePlan_Fautenbuehl_.jpg 1025w\" sizes=\"auto, (max-width: 300px) 100vw, 300px\" \/><\/p>\n<\/div><\/div><div class=\"w-vwrapper usg_vwrapper_2 align_none valign_top\"><a class=\"w-btn us-btn-style_5 usg_btn_1 icon_atright\" target=\"_blank\" href=\"https:\/\/www.economypark.de\/wp-content\/uploads\/2025\/07\/Bekanntmachungstext_Veraenderungssperre.pdf\"><span class=\"w-btn-label\">Herunterladen<\/span><i class=\"fas fa-chevron-right\"><\/i><\/a><\/div><\/div>\t\t<\/div>\r\n\t\t\t<\/article>\r\n\t<article class=\"w-grid-item us_animate_afb size_1x1 post-1415 post type-post status-publish format-standard has-post-thumbnail hentry category-download-de category-gutachten category-bekanntmachungen\" data-id=\"1415\">\r\n\t\t<div class=\"w-grid-item-h\">\r\n\t\t\t\t\t\t<div class=\"w-hwrapper usg_hwrapper_1 align_justify valign_bottom stack_on_mobiles\" style=\"--hwrapper-gap:1.5rem\"><div class=\"w-vwrapper usg_vwrapper_1 align_left valign_top\" style=\"--vwrapper-gap:1rem\"><div class=\"w-post-elm post_taxonomy usg_post_taxonomy_1 style_simple color_link_inherit\"><span class=\"term-50 term-download-de\">Download<\/span><b>, <\/b><span class=\"term-64 term-gutachten\">Gutachten\/Planungsgrundlage<\/span><b>, <\/b><span class=\"term-66 term-bekanntmachungen\">\u00d6ffentliche Bekanntmachung<\/span><\/div><h4 class=\"w-post-elm post_title usg_post_title_1 entry-title color_link_inherit\">Aufstellungsbeschluss 1. Teilbebauungsplan Etex-Gel\u00e4nde<\/h4><div class=\"w-post-elm post_content usg_post_content_1\"><p>Die Verbandsversammlung des Zweckverbands \u201eInterkommunales Gewerbe- und Industriegebiet Heidelberg-Leimen\u201c hat in \u00f6ffentlicher Sitzung am 11. Februar 2025 gem\u00e4\u00df \u00a7 2 Absatz 1 Satz 1 Baugesetzbuch (BauGB) den Aufstellungsbeschluss zum \u201e1. Teilbebauungsplan Etex-Gel\u00e4nde\u201c gefasst&#8230;<\/p>\n<\/div><\/div><div class=\"w-vwrapper usg_vwrapper_2 align_none valign_top\"><a class=\"w-btn us-btn-style_5 usg_btn_1 icon_atright\" target=\"_blank\" href=\"https:\/\/www.economypark.de\/wp-content\/uploads\/2025\/03\/20250320-ZVHDLM-oeffentliche-Bekanntmachung-Aufstellungsbeschlusses-1.-Teilbebauungsplan-Etex-Gelaende_unterschrieben-1.pdf\"><span class=\"w-btn-label\">Herunterladen<\/span><i class=\"fas fa-chevron-right\"><\/i><\/a><\/div><\/div>\t\t<\/div>\r\n\t\t\t<\/article>\r\n\t<article class=\"w-grid-item us_animate_afb size_1x1 post-1171 post type-post status-publish format-standard has-post-thumbnail hentry category-download-de category-gutachten category-bekanntmachungen\" data-id=\"1171\">\r\n\t\t<div class=\"w-grid-item-h\">\r\n\t\t\t\t\t\t<div class=\"w-hwrapper usg_hwrapper_1 align_justify valign_bottom stack_on_mobiles\" style=\"--hwrapper-gap:1.5rem\"><div class=\"w-vwrapper usg_vwrapper_1 align_left valign_top\" style=\"--vwrapper-gap:1rem\"><div class=\"w-post-elm post_taxonomy usg_post_taxonomy_1 style_simple color_link_inherit\"><span class=\"term-50 term-download-de\">Download<\/span><b>, <\/b><span class=\"term-64 term-gutachten\">Gutachten\/Planungsgrundlage<\/span><b>, <\/b><span class=\"term-66 term-bekanntmachungen\">\u00d6ffentliche Bekanntmachung<\/span><\/div><h4 class=\"w-post-elm post_title usg_post_title_1 entry-title color_link_inherit\">Bekanntmachung der Sanierungssatzung &#8222;Interkommunales Gewerbe- und Industriegebiet Heidelberg &#8211; Leimen&#8220;<\/h4><div class=\"w-post-elm post_content usg_post_content_1\"><p>Ein Teil des Verbandsgebietes des Zweckverbandes \u201eInterkommunales Gewerbe- und Industriegebiet Heidelberg-Leimen\u201c wird f\u00f6rmlich als Sanierungsgebiet \u201eInterkommunales Gewerbe- und Industriegebiet Heidelberg-Leimen\u201c festgelegt &#8230;<\/p>\n<\/div><\/div><div class=\"w-vwrapper usg_vwrapper_2 align_none valign_top\"><a class=\"w-btn us-btn-style_5 usg_btn_1 icon_atright\" target=\"_blank\" href=\"https:\/\/www.economypark.de\/wp-content\/uploads\/2024\/12\/20241217-Oeffentliche-Bekanntmachung-ueber-die-foermliche-Festlegung-des-Sanierungsgebietes.pdf\"><span class=\"w-btn-label\">Herunterladen<\/span><i class=\"fas fa-chevron-right\"><\/i><\/a><\/div><\/div>\t\t<\/div>\r\n\t\t\t<\/article>\r\n<\/div><div class=\"g-loadmore hidden\"><div class=\"g-preloader type_1\"><div><\/div><\/div><\/div><div class=\"w-grid-list-json hidden\" onclick='return {&quot;max_num_pages&quot;:0,&quot;paginationBase&quot;:&quot;page&quot;,&quot;pagination&quot;:&quot;none&quot;,&quot;paged&quot;:1,&quot;ajaxData&quot;:{&quot;action&quot;:&quot;us_ajax_post_list&quot;,&quot;meta_type&quot;:&quot;post&quot;,&quot;object_id&quot;:0,&quot;template_vars&quot;:{&quot;shortcode_base&quot;:&quot;us_post_list&quot;,&quot;paged&quot;:1,&quot;max_num_pages&quot;:0,&quot;no_results&quot;:false,&quot;us_post_content_design_css&quot;:[],&quot;found_posts&quot;:0,&quot;per_page&quot;:999,&quot;items_count&quot;:3,&quot;orderby_random_seed&quot;:null,&quot;source&quot;:&quot;all&quot;,&quot;custom_field_name&quot;:&quot;&quot;,&quot;ids&quot;:&quot;&quot;,&quot;post_type&quot;:&quot;post&quot;,&quot;attachment_ids&quot;:null,&quot;include_post_thumbnail&quot;:0,&quot;post_author&quot;:&quot;any&quot;,&quot;post_author_ids&quot;:&quot;&quot;,&quot;apply_url_params&quot;:&quot;0&quot;,&quot;ignore_sticky_posts&quot;:&quot;0&quot;,&quot;exclude_children&quot;:0,&quot;exclude_current_post&quot;:1,&quot;exclude_prev_posts&quot;:0,&quot;exclude_past_events&quot;:&quot;1&quot;,&quot;enable_items_offset&quot;:0,&quot;items_offset&quot;:&quot;1&quot;,&quot;tax_query_relation&quot;:&quot;AND&quot;,&quot;tax_query&quot;:&quot;%5B%7B%22operator%22%3A%22IN%22%2C%22taxonomy%22%3A%22category%22%2C%22terms%22%3A%2264%22%2C%22include_children%22%3A0%7D%5D&quot;,&quot;meta_query_relation&quot;:&quot;none&quot;,&quot;meta_query&quot;:[{&quot;key&quot;:&quot;custom_field_name&quot;,&quot;compare&quot;:&quot;=&quot;,&quot;value&quot;:&quot;&quot;}],&quot;orderby&quot;:&quot;date&quot;,&quot;orderby_custom_field&quot;:&quot;&quot;,&quot;orderby_custom_type&quot;:0,&quot;order_invert&quot;:&quot;1&quot;,&quot;show_all&quot;:&quot;1&quot;,&quot;quantity&quot;:&quot;12&quot;,&quot;posts_per_archive_page&quot;:0,&quot;no_items_action&quot;:&quot;message&quot;,&quot;no_items_message&quot;:&quot;Aktuell sind hier keine Eintr\\u00e4ge vorhanden.&quot;,&quot;no_items_page_block&quot;:&quot;&quot;,&quot;pagination&quot;:&quot;none&quot;,&quot;pagination_style&quot;:&quot;&quot;,&quot;pagination_btn_text&quot;:&quot;Mehr laden&quot;,&quot;pagination_btn_size&quot;:&quot;&quot;,&quot;pagination_btn_style&quot;:&quot;1&quot;,&quot;pagination_btn_fullwidth&quot;:0,&quot;items_layout&quot;:&quot;941&quot;,&quot;type&quot;:&quot;grid&quot;,&quot;items_valign&quot;:0,&quot;ignore_items_size&quot;:0,&quot;columns&quot;:&quot;1&quot;,&quot;items_gap&quot;:&quot;1.5rem&quot;,&quot;load_animation&quot;:&quot;afb&quot;,&quot;items_preload_style&quot;:&quot;spinner&quot;,&quot;img_size&quot;:&quot;default&quot;,&quot;title_size&quot;:&quot;&quot;,&quot;items_ratio&quot;:&quot;default&quot;,&quot;items_ratio_width&quot;:&quot;21&quot;,&quot;items_ratio_height&quot;:&quot;9&quot;,&quot;overriding_link&quot;:&quot;%7B%22url%22%3A%22%22%7D&quot;,&quot;popup_page_template&quot;:&quot;0&quot;,&quot;popup_width&quot;:&quot;&quot;,&quot;popup_arrows&quot;:1,&quot;breakpoint_1_width&quot;:&quot;1201px&quot;,&quot;breakpoint_1_cols&quot;:&quot;1&quot;,&quot;breakpoint_1_quantity&quot;:&quot;&quot;,&quot;breakpoint_1_gap&quot;:&quot;&quot;,&quot;breakpoint_2_width&quot;:&quot;901px&quot;,&quot;breakpoint_2_cols&quot;:&quot;1&quot;,&quot;breakpoint_2_quantity&quot;:&quot;&quot;,&quot;breakpoint_2_gap&quot;:&quot;&quot;,&quot;breakpoint_3_width&quot;:&quot;601px&quot;,&quot;breakpoint_3_cols&quot;:&quot;1&quot;,&quot;breakpoint_3_quantity&quot;:&quot;&quot;,&quot;breakpoint_3_gap&quot;:&quot;&quot;,&quot;conditions_operator&quot;:&quot;always&quot;,&quot;conditions&quot;:[],&quot;css&quot;:null,&quot;el_class&quot;:&quot;&quot;,&quot;el_id&quot;:&quot;&quot;,&quot;enable_custom_html_atts&quot;:0,&quot;custom_html_atts&quot;:null,&quot;hide_on_states&quot;:&quot;&quot;,&quot;hide_for_sticky&quot;:0,&quot;hide_for_not_sticky&quot;:0,&quot;hide_below&quot;:&quot;0px&quot;,&quot;hide_above&quot;:&quot;0px&quot;,&quot;classes&quot;:&quot;&quot;},&quot;found_posts&quot;:0,&quot;per_page&quot;:999},&quot;facetedFilter&quot;:[]}'><\/div><\/div><\/div><\/div><\/div><\/div><\/div><\/section>\n","protected":false},"excerpt":{"rendered":"Ein Teil des Verbandsgebietes des Zweckverbandes \u201eInterkommunales Gewerbe- und Industriegebiet Heidelberg-Leimen\u201c wird f\u00f6rmlich als Sanierungsgebiet \u201eInterkommunales Gewerbe- und Industriegebiet Heidelberg-Leimen\u201c festgelegt ...","protected":false},"author":1,"featured_media":1282,"parent":0,"menu_order":0,"comment_status":"closed","ping_status":"closed","template":"","meta":{"_acf_changed":false,"footnotes":""},"class_list":["post-931","page","type-page","status-publish","has-post-thumbnail","hentry"],"acf":[],"yoast_head":"<!-- This site is optimized with the Yoast SEO plugin v27.4 - https:\/\/yoast.com\/product\/yoast-seo-wordpress\/ -->\n<title>Bekanntmachungen &amp; Downloads<\/title>\n<meta name=\"description\" content=\"Offizielle Bekanntmachungen, Haushaltssatzungen und Berichte des Zweckverbands Economy Park Heidelberg-Leimen. Jetzt alle Dokumente herunterladen.\" \/>\n<meta name=\"robots\" content=\"index, follow, max-snippet:-1, max-image-preview:large, max-video-preview:-1\" \/>\n<link rel=\"canonical\" href=\"https:\/\/www.economypark.de\/downloads\/\" \/>\n<meta property=\"og:locale\" content=\"de_DE\" \/>\n<meta property=\"og:type\" content=\"article\" \/>\n<meta property=\"og:title\" content=\"Bekanntmachungen &amp; Downloads\" \/>\n<meta property=\"og:description\" content=\"Offizielle Bekanntmachungen, Haushaltssatzungen und Berichte des Zweckverbands Economy Park Heidelberg-Leimen. Jetzt alle Dokumente herunterladen.\" \/>\n<meta property=\"og:url\" content=\"https:\/\/www.economypark.de\/downloads\/\" \/>\n<meta property=\"og:site_name\" content=\"Economy Park\" \/>\n<meta property=\"article:modified_time\" content=\"2026-04-24T09:36:37+00:00\" \/>\n<meta property=\"og:image\" content=\"https:\/\/www.economypark.de\/wp-content\/uploads\/2024\/12\/Economy-Park-scaled-e1734513129345.jpg\" \/>\n\t<meta property=\"og:image:width\" content=\"2560\" \/>\n\t<meta property=\"og:image:height\" content=\"1498\" \/>\n\t<meta property=\"og:image:type\" content=\"image\/jpeg\" \/>\n<meta name=\"twitter:card\" content=\"summary_large_image\" \/>\n<meta name=\"twitter:label1\" content=\"Gesch\u00e4tzte Lesezeit\" \/>\n\t<meta name=\"twitter:data1\" content=\"1\u00a0Minute\" \/>\n<script type=\"application\/ld+json\" class=\"yoast-schema-graph\">{\"@context\":\"https:\\\/\\\/schema.org\",\"@graph\":[{\"@type\":\"WebPage\",\"@id\":\"https:\\\/\\\/www.economypark.de\\\/downloads\\\/\",\"url\":\"https:\\\/\\\/www.economypark.de\\\/downloads\\\/\",\"name\":\"Bekanntmachungen & Downloads\",\"isPartOf\":{\"@id\":\"https:\\\/\\\/www.economypark.de\\\/#website\"},\"primaryImageOfPage\":{\"@id\":\"https:\\\/\\\/www.economypark.de\\\/downloads\\\/#primaryimage\"},\"image\":{\"@id\":\"https:\\\/\\\/www.economypark.de\\\/downloads\\\/#primaryimage\"},\"thumbnailUrl\":\"https:\\\/\\\/www.economypark.de\\\/wp-content\\\/uploads\\\/2024\\\/12\\\/Economy-Park-scaled-e1734513129345.jpg\",\"datePublished\":\"2024-07-22T07:59:39+00:00\",\"dateModified\":\"2026-04-24T09:36:37+00:00\",\"description\":\"Offizielle Bekanntmachungen, Haushaltssatzungen und Berichte des Zweckverbands Economy Park Heidelberg-Leimen. Jetzt alle Dokumente herunterladen.\",\"breadcrumb\":{\"@id\":\"https:\\\/\\\/www.economypark.de\\\/downloads\\\/#breadcrumb\"},\"inLanguage\":\"de\",\"potentialAction\":[{\"@type\":\"ReadAction\",\"target\":[\"https:\\\/\\\/www.economypark.de\\\/downloads\\\/\"]}]},{\"@type\":\"ImageObject\",\"inLanguage\":\"de\",\"@id\":\"https:\\\/\\\/www.economypark.de\\\/downloads\\\/#primaryimage\",\"url\":\"https:\\\/\\\/www.economypark.de\\\/wp-content\\\/uploads\\\/2024\\\/12\\\/Economy-Park-scaled-e1734513129345.jpg\",\"contentUrl\":\"https:\\\/\\\/www.economypark.de\\\/wp-content\\\/uploads\\\/2024\\\/12\\\/Economy-Park-scaled-e1734513129345.jpg\",\"width\":2560,\"height\":1498,\"caption\":\"Dieses Bild wurde auf einem H\u00fcgel aufgenommen. Es zeigt im Vordergrund Weinberge und im Hintergrund das Zweckverbandsgebiet.\"},{\"@type\":\"BreadcrumbList\",\"@id\":\"https:\\\/\\\/www.economypark.de\\\/downloads\\\/#breadcrumb\",\"itemListElement\":[{\"@type\":\"ListItem\",\"position\":1,\"name\":\"Start\",\"item\":\"https:\\\/\\\/www.economypark.de\\\/\"},{\"@type\":\"ListItem\",\"position\":2,\"name\":\"Downloads\"}]},{\"@type\":\"WebSite\",\"@id\":\"https:\\\/\\\/www.economypark.de\\\/#website\",\"url\":\"https:\\\/\\\/www.economypark.de\\\/\",\"name\":\"Economy Park\",\"description\":\"Innovative &amp; nachhaltige Gewerbefl\u00e4chen in der Metropolregion Rhein-Neckar.\",\"potentialAction\":[{\"@type\":\"SearchAction\",\"target\":{\"@type\":\"EntryPoint\",\"urlTemplate\":\"https:\\\/\\\/www.economypark.de\\\/?s={search_term_string}\"},\"query-input\":{\"@type\":\"PropertyValueSpecification\",\"valueRequired\":true,\"valueName\":\"search_term_string\"}}],\"inLanguage\":\"de\"}]}<\/script>\n<!-- \/ Yoast SEO plugin. -->","yoast_head_json":{"title":"Bekanntmachungen & Downloads","description":"Offizielle Bekanntmachungen, Haushaltssatzungen und Berichte des Zweckverbands Economy Park Heidelberg-Leimen. Jetzt alle Dokumente herunterladen.","robots":{"index":"index","follow":"follow","max-snippet":"max-snippet:-1","max-image-preview":"max-image-preview:large","max-video-preview":"max-video-preview:-1"},"canonical":"https:\/\/www.economypark.de\/downloads\/","og_locale":"de_DE","og_type":"article","og_title":"Bekanntmachungen & Downloads","og_description":"Offizielle Bekanntmachungen, Haushaltssatzungen und Berichte des Zweckverbands Economy Park Heidelberg-Leimen. Jetzt alle Dokumente herunterladen.","og_url":"https:\/\/www.economypark.de\/downloads\/","og_site_name":"Economy Park","article_modified_time":"2026-04-24T09:36:37+00:00","og_image":[{"width":2560,"height":1498,"url":"https:\/\/www.economypark.de\/wp-content\/uploads\/2024\/12\/Economy-Park-scaled-e1734513129345.jpg","type":"image\/jpeg"}],"twitter_card":"summary_large_image","twitter_misc":{"Gesch\u00e4tzte Lesezeit":"1\u00a0Minute"},"schema":{"@context":"https:\/\/schema.org","@graph":[{"@type":"WebPage","@id":"https:\/\/www.economypark.de\/downloads\/","url":"https:\/\/www.economypark.de\/downloads\/","name":"Bekanntmachungen & Downloads","isPartOf":{"@id":"https:\/\/www.economypark.de\/#website"},"primaryImageOfPage":{"@id":"https:\/\/www.economypark.de\/downloads\/#primaryimage"},"image":{"@id":"https:\/\/www.economypark.de\/downloads\/#primaryimage"},"thumbnailUrl":"https:\/\/www.economypark.de\/wp-content\/uploads\/2024\/12\/Economy-Park-scaled-e1734513129345.jpg","datePublished":"2024-07-22T07:59:39+00:00","dateModified":"2026-04-24T09:36:37+00:00","description":"Offizielle Bekanntmachungen, Haushaltssatzungen und Berichte des Zweckverbands Economy Park Heidelberg-Leimen. Jetzt alle Dokumente herunterladen.","breadcrumb":{"@id":"https:\/\/www.economypark.de\/downloads\/#breadcrumb"},"inLanguage":"de","potentialAction":[{"@type":"ReadAction","target":["https:\/\/www.economypark.de\/downloads\/"]}]},{"@type":"ImageObject","inLanguage":"de","@id":"https:\/\/www.economypark.de\/downloads\/#primaryimage","url":"https:\/\/www.economypark.de\/wp-content\/uploads\/2024\/12\/Economy-Park-scaled-e1734513129345.jpg","contentUrl":"https:\/\/www.economypark.de\/wp-content\/uploads\/2024\/12\/Economy-Park-scaled-e1734513129345.jpg","width":2560,"height":1498,"caption":"Dieses Bild wurde auf einem H\u00fcgel aufgenommen. Es zeigt im Vordergrund Weinberge und im Hintergrund das Zweckverbandsgebiet."},{"@type":"BreadcrumbList","@id":"https:\/\/www.economypark.de\/downloads\/#breadcrumb","itemListElement":[{"@type":"ListItem","position":1,"name":"Start","item":"https:\/\/www.economypark.de\/"},{"@type":"ListItem","position":2,"name":"Downloads"}]},{"@type":"WebSite","@id":"https:\/\/www.economypark.de\/#website","url":"https:\/\/www.economypark.de\/","name":"Economy Park","description":"Innovative &amp; nachhaltige Gewerbefl\u00e4chen in der Metropolregion Rhein-Neckar.","potentialAction":[{"@type":"SearchAction","target":{"@type":"EntryPoint","urlTemplate":"https:\/\/www.economypark.de\/?s={search_term_string}"},"query-input":{"@type":"PropertyValueSpecification","valueRequired":true,"valueName":"search_term_string"}}],"inLanguage":"de"}]}},"_links":{"self":[{"href":"https:\/\/www.economypark.de\/ecopark-api\/wp\/v2\/pages\/931","targetHints":{"allow":["GET"]}}],"collection":[{"href":"https:\/\/www.economypark.de\/ecopark-api\/wp\/v2\/pages"}],"about":[{"href":"https:\/\/www.economypark.de\/ecopark-api\/wp\/v2\/types\/page"}],"author":[{"embeddable":true,"href":"https:\/\/www.economypark.de\/ecopark-api\/wp\/v2\/users\/1"}],"replies":[{"embeddable":true,"href":"https:\/\/www.economypark.de\/ecopark-api\/wp\/v2\/comments?post=931"}],"version-history":[{"count":34,"href":"https:\/\/www.economypark.de\/ecopark-api\/wp\/v2\/pages\/931\/revisions"}],"predecessor-version":[{"id":1986,"href":"https:\/\/www.economypark.de\/ecopark-api\/wp\/v2\/pages\/931\/revisions\/1986"}],"wp:featuredmedia":[{"embeddable":true,"href":"https:\/\/www.economypark.de\/ecopark-api\/wp\/v2\/media\/1282"}],"wp:attachment":[{"href":"https:\/\/www.economypark.de\/ecopark-api\/wp\/v2\/media?parent=931"}],"curies":[{"name":"wp","href":"https:\/\/api.w.org\/{rel}","templated":true}]}}