{"id":596,"date":"2023-09-21T09:12:17","date_gmt":"2023-09-21T07:12:17","guid":{"rendered":"https:\/\/www.economypark.de\/?page_id=596"},"modified":"2026-04-24T11:31:19","modified_gmt":"2026-04-24T09:31:19","slug":"plannings","status":"publish","type":"page","link":"https:\/\/www.economypark.de\/en\/plannings\/","title":{"rendered":"Plannings"},"content":{"rendered":"<section class=\"l-section wpb_row height_auto full_height valign_bottom with_img\" id=\"page-hero\"><div class=\"l-section-img\" role=\"img\" aria-label=\"Bild\" data-img-width=\"1920\" data-img-height=\"1440\" style=\"background-image: url(https:\/\/www.economypark.de\/wp-content\/uploads\/2023\/07\/20230712_Planungen_ZVHDLM.jpg);background-repeat: no-repeat;\"><\/div><div class=\"l-section-overlay\" style=\"background:linear-gradient(180deg,rgba(0,0,0,0) 80%,#000000)\"><\/div><div class=\"l-section-h i-cf\"><div class=\"g-cols vc_row via_flex valign_top type_default stacking_default\"><div class=\"vc_col-sm-12 wpb_column vc_column_container\"><div class=\"vc_column-inner\"><div class=\"wpb_wrapper\"><div class=\"wpb_text_column us_custom_f966b68e has_text_color us_animate_this\"><div class=\"wpb_wrapper\"><h1>Plannings<\/h1>\n<\/div><\/div><\/div><\/div><\/div><\/div><\/div><\/section><section class=\"l-section wpb_row us_custom_19737bc8 height_medium\"><div class=\"l-section-h i-cf\"><div class=\"g-cols vc_row via_flex valign_top type_default stacking_default\"><div class=\"vc_col-sm-12 wpb_column vc_column_container\"><div class=\"vc_column-inner\"><div class=\"wpb_wrapper\"><div class=\"wpb_text_column abstand\"><div class=\"wpb_wrapper\"><p style=\"text-align: center;\"><em>\u201eTo make our commercial and industrial area fit for the future, we need more than just space \u2013 we need a vision, we need partnership and actions. That is exactly what Economy Park Heidelberg \u2013 Leimen offers.\u201c<\/em><\/p>\n<p style=\"text-align: center;\"><strong>First Deputy Mayor of Heidelberg J\u00fcrgen Odszuck,<\/strong><br \/>\nVice-President of the Special-Purpose District<\/p>\n<\/div><\/div><\/div><\/div><\/div><\/div><\/div><\/section><section class=\"l-section wpb_row height_medium\" id=\"projects-and-processes\"><div class=\"l-section-h i-cf\"><div class=\"g-cols vc_row via_flex valign_top type_default stacking_default\"><div class=\"vc_col-sm-12 wpb_column vc_column_container\"><div class=\"vc_column-inner\"><div class=\"wpb_wrapper\"><div class=\"wpb_text_column us_custom_d77bca1a section-header us_animate_this\"><div class=\"wpb_wrapper\"><\/div><\/div><div class=\"g-cols wpb_row via_flex valign_top type_default stacking_default\"><div class=\"vc_col-sm-6 wpb_column vc_column_container\"><div class=\"vc_column-inner us_custom_8f7b07a9 us_animate_this\"><div class=\"wpb_wrapper\"><div class=\"w-image us_custom_9d40636b align_center\"><div class=\"w-image-h\"><img decoding=\"async\" width=\"273\" height=\"533\" src=\"https:\/\/www.economypark.de\/wp-content\/uploads\/2024\/03\/Planung_Pfeil_Diagramm_en.png\" class=\"attachment-full size-full\" alt=\"\" loading=\"lazy\" srcset=\"https:\/\/www.economypark.de\/wp-content\/uploads\/2024\/03\/Planung_Pfeil_Diagramm_en.png 273w, https:\/\/www.economypark.de\/wp-content\/uploads\/2024\/03\/Planung_Pfeil_Diagramm_en-154x300.png 154w\" sizes=\"auto, (max-width: 273px) 100vw, 273px\" \/><\/div><\/div><\/div><\/div><\/div><div class=\"vc_col-sm-6 wpb_column vc_column_container\"><div class=\"vc_column-inner us_custom_b5bd4ca3 us_animate_this\"><div class=\"wpb_wrapper\"><div class=\"wpb_text_column\"><div class=\"wpb_wrapper\"><h2>Projects and Processes<\/h2>\n<h5>Implemented Projects<\/h5>\n<ul>\n<li>Resolution to prepare a zoning map from July 13, 2021<\/li>\n<li>Feasibility study on new road connection<\/li>\n<li>Urban development concept and Funding from the 2023 urban development program of the State of Baden-W\u00fcrttemberg<\/li>\n<li>Mapping with a view to species protection<\/li>\n<li>Heat planning<\/li>\n<li>Implementation of preparatory investigations and\u00a0Issuance of redevelopment statutes<\/li>\n<li>Resolution to prepare the first partial zoning map for the Etex premises<\/li>\n<li>Potential analysis of suburban train stop<\/li>\n<\/ul>\n<h5>Ongoing processes<\/h5>\n<ul>\n<li>Assessing the construction of a new streetcar connection<\/li>\n<li>Assessing site acquisitions<\/li>\n<li>Updating the framework plan<\/li>\n<li>Europe-wide invitation to tender for planning services for the thoroughfare and tram line<\/li>\n<li>Preparation of the first partial development plan for the Etex site<\/li>\n<\/ul>\n<h5>Planned processes<\/h5>\n<ul>\n<li>Design and location approval process new cross-town artery<\/li>\n<li>Implementation of urban redevelopment<\/li>\n<li>Implementation of development plan procedures through partial development plans<\/li>\n<li>Project management<\/li>\n<\/ul>\n<\/div><\/div><\/div><\/div><\/div><\/div><\/div><\/div><\/div><\/div><\/div><\/section><section class=\"l-section wpb_row height_medium\" id=\"planning-objectives-and-core-activities\"><div class=\"l-section-h i-cf\"><div class=\"g-cols vc_row via_flex valign_top type_default stacking_default\"><div class=\"vc_col-sm-12 wpb_column vc_column_container\"><div class=\"vc_column-inner\"><div class=\"wpb_wrapper\"><div class=\"wpb_text_column us_custom_d77bca1a section-header us_animate_this\"><div class=\"wpb_wrapper\"><\/div><\/div><div class=\"wpb_text_column us_custom_efc17075 abstand\"><div class=\"wpb_wrapper\"><h2>Planning Objectives and Core Activities<\/h2>\n<p>The Zweckverband Interkommunales Gewerbe- und Industriegebiet Heidelberg-Leimen (Special-Purpose District Inter-Municipal Commercial and Industrial Area Heidelberg-Leimen) was founded by the two cities Heidelberg and Leimen on January 1, 2021.<\/p>\n<\/div><\/div><div class=\"w-image us_custom_ddd7b796 abstand us_animate_this align_none\"><a ref=\"magnificPopup\" href=\"https:\/\/www.economypark.de\/wp-content\/uploads\/2023\/08\/Enonomypark.Karte-Verbandsgebiet.jpg\" aria-label=\"Enonomypark.Karte-Verbandsgebiet\" class=\"w-image-h\"><img decoding=\"async\" width=\"598\" height=\"494\" src=\"https:\/\/www.economypark.de\/wp-content\/uploads\/2023\/08\/Enonomypark.Karte-Verbandsgebiet.jpg\" class=\"attachment-full size-full\" alt=\"\" loading=\"lazy\" srcset=\"https:\/\/www.economypark.de\/wp-content\/uploads\/2023\/08\/Enonomypark.Karte-Verbandsgebiet.jpg 598w, https:\/\/www.economypark.de\/wp-content\/uploads\/2023\/08\/Enonomypark.Karte-Verbandsgebiet-300x248.jpg 300w\" sizes=\"auto, (max-width: 598px) 100vw, 598px\" \/><\/a><\/div><div class=\"wpb_text_column us_custom_ff13c409 abstand us_animate_this\"><div class=\"wpb_wrapper\"><p>Planning, developing and conceiving a joint commercial and industrial area by taking into account plots of land, plots of land that are to be zoned and plots of land that are not zoned on both municipality lands as well as areas of the two large plants Etex (formerly Eternit GmbH) and Heidelberg Materials (formerly HeidelbergCement AG) that will free up. In particular, settlement structure, use and development are to be reorganized \u2013 where required, based on urban planning. Special emphasis lies on taking into account environmental issues as well as the interests of local businesses.<\/p>\n<\/div><\/div><div class=\"w-image us_custom_adbf7436 abstand us_animate_this align_none\"><a ref=\"magnificPopup\" href=\"https:\/\/www.economypark.de\/wp-content\/uploads\/2023\/08\/Economypark-Flaechen-Heidelberg.jpg\" aria-label=\"Economypark-Flaechen-Heidelberg\" class=\"w-image-h\"><img decoding=\"async\" width=\"902\" height=\"380\" src=\"https:\/\/www.economypark.de\/wp-content\/uploads\/2023\/08\/Economypark-Flaechen-Heidelberg.jpg\" class=\"attachment-full size-full\" alt=\"\" loading=\"lazy\" srcset=\"https:\/\/www.economypark.de\/wp-content\/uploads\/2023\/08\/Economypark-Flaechen-Heidelberg.jpg 902w, https:\/\/www.economypark.de\/wp-content\/uploads\/2023\/08\/Economypark-Flaechen-Heidelberg-300x126.jpg 300w\" sizes=\"auto, (max-width: 902px) 100vw, 902px\" \/><\/a><\/div><\/div><\/div><\/div><\/div><\/div><\/section><section class=\"l-section wpb_row height_medium\" id=\"framework-planning\"><div class=\"l-section-h i-cf\"><div class=\"g-cols vc_row via_flex valign_top type_default stacking_default\"><div class=\"vc_col-sm-12 wpb_column vc_column_container\"><div class=\"vc_column-inner\"><div class=\"wpb_wrapper\"><div class=\"wpb_text_column us_custom_d77bca1a section-header us_animate_this\"><div class=\"wpb_wrapper\"><\/div><\/div><div class=\"wpb_text_column us_custom_efc17075 abstand\"><div class=\"wpb_wrapper\"><h2>Framework Planning<\/h2>\n<p>On July 16, 2024, the Assembly of the Special-Purpose District resolved to select the urban development draft by Bonn agency ulrich hartung as a framework plan for the special-purpose district\u2019s territory. This resolution successfully concluded the cooperative planning process initiated in 2022, which was focused on cooperation and dialog since its inception.<\/p>\n<p>J\u00fcrgen Odszuck, Vice-President of the Special-Purpose District:<br \/>\n<em>\u201cThe intensive and exchange-oriented talks with agencies have paid off. This framework plan is an excellent basis for further planning.\u201d<\/em><\/p>\n<p>This framework plan will be the foundation for any further urban developments on the special-purpose district\u2019s territory.<\/p>\n<\/div><\/div><div class=\"g-cols wpb_row abstand via_flex valign_top type_default stacking_default\"><div class=\"vc_col-sm-5 wpb_column vc_column_container\"><div class=\"vc_column-inner\"><div class=\"wpb_wrapper\"><div class=\"w-image us_custom_ddd7b796 us_animate_this align_none\"><a ref=\"magnificPopup\" href=\"https:\/\/www.economypark.de\/wp-content\/uploads\/2024\/07\/20240415-ZVHDLM-vUH-Rahmenplan-nur-Plan-2-scaled.jpg\" aria-label=\"20240415 ZVHDLM vUH Rahmenplan nur Plan\" class=\"w-image-h\"><img decoding=\"async\" width=\"2560\" height=\"1473\" src=\"https:\/\/www.economypark.de\/wp-content\/uploads\/2024\/07\/20240415-ZVHDLM-vUH-Rahmenplan-nur-Plan-2-scaled.jpg\" class=\"attachment-full size-full\" alt=\"\" loading=\"lazy\" srcset=\"https:\/\/www.economypark.de\/wp-content\/uploads\/2024\/07\/20240415-ZVHDLM-vUH-Rahmenplan-nur-Plan-2-scaled.jpg 2560w, https:\/\/www.economypark.de\/wp-content\/uploads\/2024\/07\/20240415-ZVHDLM-vUH-Rahmenplan-nur-Plan-2-300x173.jpg 300w, https:\/\/www.economypark.de\/wp-content\/uploads\/2024\/07\/20240415-ZVHDLM-vUH-Rahmenplan-nur-Plan-2-1024x589.jpg 1024w\" sizes=\"auto, (max-width: 2560px) 100vw, 2560px\" \/><\/a><\/div><\/div><\/div><\/div><div class=\"vc_col-sm-7 wpb_column vc_column_container\"><div class=\"vc_column-inner\"><div class=\"wpb_wrapper\"><div class=\"w-image us_custom_adbf7436 us_animate_this align_none\"><a ref=\"magnificPopup\" href=\"https:\/\/www.economypark.de\/wp-content\/uploads\/2024\/07\/ZVHDLM-vUH-Rahmenplan-Perspektive-scaled.jpg\" aria-label=\"Handlungsleitender Rahmenplan, erstellt von der ulrich hartung gmbh\" class=\"w-image-h\"><img decoding=\"async\" width=\"2560\" height=\"1022\" src=\"https:\/\/www.economypark.de\/wp-content\/uploads\/2024\/07\/ZVHDLM-vUH-Rahmenplan-Perspektive-scaled.jpg\" class=\"attachment-full size-full\" alt=\"\" loading=\"lazy\" srcset=\"https:\/\/www.economypark.de\/wp-content\/uploads\/2024\/07\/ZVHDLM-vUH-Rahmenplan-Perspektive-scaled.jpg 2560w, https:\/\/www.economypark.de\/wp-content\/uploads\/2024\/07\/ZVHDLM-vUH-Rahmenplan-Perspektive-300x120.jpg 300w, https:\/\/www.economypark.de\/wp-content\/uploads\/2024\/07\/ZVHDLM-vUH-Rahmenplan-Perspektive-1024x409.jpg 1024w\" sizes=\"auto, (max-width: 2560px) 100vw, 2560px\" \/><\/a><\/div><\/div><\/div><\/div><\/div><div class=\"wpb_text_column us_custom_92b2762d abstand\"><div class=\"wpb_wrapper\"><div style=\"width: 1400px;\" class=\"wp-video\"><video class=\"wp-video-shortcode\" id=\"video-596-1\" width=\"1400\" height=\"788\" preload=\"metadata\" controls=\"controls\"><source type=\"video\/mp4\" src=\"https:\/\/www.economypark.de\/wp-content\/uploads\/2024\/07\/20240426%20Rahmenplanung%20Film.mp4?_=1\" \/><a href=\"https:\/\/www.economypark.de\/wp-content\/uploads\/2024\/07\/20240426%20Rahmenplanung%20Film.mp4\">https:\/\/www.economypark.de\/wp-content\/uploads\/2024\/07\/20240426%20Rahmenplanung%20Film.mp4<\/a><\/video><\/div>\n<\/div><\/div><\/div><\/div><\/div><\/div><\/div><\/section><section class=\"l-section wpb_row height_medium\" id=\"redevelopment-planning\"><div class=\"l-section-h i-cf\"><div class=\"g-cols vc_row via_flex valign_top type_default stacking_default\"><div class=\"vc_col-sm-12 wpb_column vc_column_container\"><div class=\"vc_column-inner\"><div class=\"wpb_wrapper\"><div class=\"wpb_text_column us_custom_d77bca1a section-header us_animate_this\"><div class=\"wpb_wrapper\"><\/div><\/div><div class=\"wpb_text_column us_custom_efc17075 abstand\"><div class=\"wpb_wrapper\"><h2>Redevelopment Planning<\/h2>\n<p>In late 2022, the Special-Purpose District has submitted an application to the Ministerium f\u00fcr Landesentwicklung und Bauen Baden-W\u00fcrttemberg (Ministry of State Development and Building Baden-W\u00fcrttemberg) to be admitted to an urban planning program for renovations. One essential basis for this application was the urban planning development concept approved by the Special-Purpose District\u2019s Assembly on July 19, 2022.<\/p>\n<p><a href=\"https:\/\/www.economypark.de\/wp-content\/uploads\/2024\/03\/20220505-ZVHDLM-Entwicklungskonzept-Schlussbericht.pdf\" target=\"_blank\" rel=\"noopener\"><i class=\"fal fa-arrow-right\"><\/i> Development concept final report<\/a><\/p>\n<p>Based on the decision from May 5, 2023, the Special-Purpose District was accepted to the Government and Federal States Program \u201cUrban Development Support\u201d and received an initial funding of EUR 3.2M. This measure will run until April 30, 2032.<\/p>\n<p>With the funds from the urban planning and renovation program, we will prepare and implement renovations in some parts of the Special-Purpose District&#8217;s area.<\/p>\n<\/div><\/div><div class=\"w-hwrapper us_custom_efc17075 valign_middle wrap stack_on_mobiles align_center\" style=\"--hwrapper-gap:2.5rem\"><div class=\"w-image us_custom_a4a4d94f align_center\"><div class=\"w-image-h\"><img decoding=\"async\" width=\"1024\" height=\"495\" src=\"https:\/\/www.economypark.de\/wp-content\/uploads\/2025\/12\/bmwsb_2021_Office_Farbe_de-1024x495.png\" class=\"attachment-large size-large\" alt=\"\" loading=\"lazy\" srcset=\"https:\/\/www.economypark.de\/wp-content\/uploads\/2025\/12\/bmwsb_2021_Office_Farbe_de-1024x495.png 1024w, https:\/\/www.economypark.de\/wp-content\/uploads\/2025\/12\/bmwsb_2021_Office_Farbe_de-300x145.png 300w, https:\/\/www.economypark.de\/wp-content\/uploads\/2025\/12\/bmwsb_2021_Office_Farbe_de.png 1720w\" sizes=\"auto, (max-width: 1024px) 100vw, 1024px\" \/><\/div><\/div><div class=\"w-image us_custom_a16cad38 align_center\"><div class=\"w-image-h\"><img decoding=\"async\" width=\"796\" height=\"1024\" src=\"https:\/\/www.economypark.de\/wp-content\/uploads\/2025\/12\/11.05.2023-ZVHDLM-Staedtebaufoerderung-Logo-Staedtebaufoerderung-Menker-Andreas-freigegeben--796x1024.jpg\" class=\"attachment-large size-large\" alt=\"\" loading=\"lazy\" srcset=\"https:\/\/www.economypark.de\/wp-content\/uploads\/2025\/12\/11.05.2023-ZVHDLM-Staedtebaufoerderung-Logo-Staedtebaufoerderung-Menker-Andreas-freigegeben--796x1024.jpg 796w, https:\/\/www.economypark.de\/wp-content\/uploads\/2025\/12\/11.05.2023-ZVHDLM-Staedtebaufoerderung-Logo-Staedtebaufoerderung-Menker-Andreas-freigegeben--233x300.jpg 233w, https:\/\/www.economypark.de\/wp-content\/uploads\/2025\/12\/11.05.2023-ZVHDLM-Staedtebaufoerderung-Logo-Staedtebaufoerderung-Menker-Andreas-freigegeben-.jpg 1913w\" sizes=\"auto, (max-width: 796px) 100vw, 796px\" \/><\/div><\/div><div class=\"w-image us_custom_7b4f2c30 align_center\"><div class=\"w-image-h\"><img decoding=\"async\" width=\"987\" height=\"354\" src=\"https:\/\/www.economypark.de\/wp-content\/uploads\/2025\/12\/25.01.2024-Logo-BW-MLW-Radde-Rebecca-freigegeben-.jpg\" class=\"attachment-large size-large\" alt=\"\" loading=\"lazy\" srcset=\"https:\/\/www.economypark.de\/wp-content\/uploads\/2025\/12\/25.01.2024-Logo-BW-MLW-Radde-Rebecca-freigegeben-.jpg 987w, https:\/\/www.economypark.de\/wp-content\/uploads\/2025\/12\/25.01.2024-Logo-BW-MLW-Radde-Rebecca-freigegeben--300x108.jpg 300w\" sizes=\"auto, (max-width: 987px) 100vw, 987px\" \/><\/div><\/div><\/div><div class=\"w-tabs abstand style_default switch_click accordion type_togglable has_scrolling remove_indents\" style=\"--sections-title-size:inherit\"><div class=\"w-tabs-sections titles-align_none icon_plus cpos_right\"><div class=\"w-tabs-section\" id=\"l8e1\"><button class=\"w-tabs-section-header\" aria-controls=\"content-l8e1\" aria-expanded=\"false\"><div class=\"w-tabs-section-title\">Preparatory Investigations<\/div><div class=\"w-tabs-section-control\"><\/div><\/button><div  class=\"w-tabs-section-content\" id=\"content-l8e1\"><div class=\"w-tabs-section-content-h i-cf\"><div class=\"wpb_text_column\"><div class=\"wpb_wrapper\"><p>Before determining a neighborhood improvement area, we will need to carry out preparatory investigations (site assessment). These will be the basis for all assessment documents concerning the necessity of renovations, a survey of the built-up area and the structural situation as well as respective implications, the general objectives and the general feasibility of renovations. Apart from this analysis, the report to be created on the preparatory investigations will contain information on any urban planning issues and respective recommendations for corrective measures, a suggestion on demarcations and a cost and financial overview for roll-forward. These preparatory investigations will then be the basis for the Special-Purpose District Assembly\u2019s decision on the formal definition of a neighborhood improvement area.<\/p>\n<p>The area to be examined as part of the preparatory investigations was first publicly announced according to local custom on April 19, 2023 and amended on October 18, 2023.<\/p>\n<p><a href=\"https:\/\/www.economypark.de\/wp-content\/uploads\/2024\/03\/ZVHDLM-Erweiterung-VU-erweitertes-Untersuchungsgebiet-A4.pdf\" target=\"_blank\" rel=\"noopener\"><i class=\"fal fa-arrow-right\"><\/i> Extended investigation area<\/a><\/p>\n<p>Between December 2023 and January 2024, we invited public stakeholders to participate in the preparatory investigations by way of a hearing. After analyzing the documents, affected parties in the area of investigation (owners, tenants, usufructuary lessees etc.) were invited to participate, in order to document and asses the social, structural and urban planning implications. These results were then used for the preparatory investigations report. The report is the basis for officially determining the neighborhood improvement area \u201eInter-Municipal Commercial and Industrial Area Heidelberg-Leimen\u201d.<\/p>\n<p>The preparatory investigations found urban development issues in the form of functional loss. These were found by comparing the current state with the desired state for future uses and functions as defined in the framework plan. Furthermore, the improvement objectives are based on the preparatory investigations as well as the contents and presentations of the framework plan. Implementing urban improvements according to the tools of \u00a7\u00a7 136 (and following) of the German Building Code (BauGB) is the right way to cure these urban development issues as part of the improvement objectives set down<\/p>\n<p><a href=\"https:\/\/www.economypark.de\/wp-content\/uploads\/2024\/12\/20241126_VU-Bericht_Final.pdf\" target=\"_blank\" rel=\"noopener\"><i class=\"fal fa-arrow-right\"><\/i> Preparatory investigations<\/a><\/p>\n<\/div><\/div><\/div><\/div><\/div><div class=\"w-tabs-section\" id=\"yac9\"><button class=\"w-tabs-section-header\" aria-controls=\"content-yac9\" aria-expanded=\"false\"><div class=\"w-tabs-section-title\">Redevelopment statutes<\/div><div class=\"w-tabs-section-control\"><\/div><\/button><div  class=\"w-tabs-section-content\" id=\"content-yac9\"><div class=\"w-tabs-section-content-h i-cf\"><div class=\"wpb_text_column\"><div class=\"wpb_wrapper\"><p>The Assembly of the Special-Purpose District \u201cInter-Municipal Commercial and Industrial Area Heidelberg-Leimen\u201d has officially defined the neighborhood improvement area in its meeting on November 26, 2024. The statutes became final upon their publication on December 11, 2024.<\/p>\n<p>The results of the preparatory investigations including objectives and measures mentioned there form the basis for the upcoming urban improvements. The neighborhood improvement area spans a surface of around 32 hectares. As part of the next more concrete planning steps, borders might still be adapted. Having taken this into account, the neighborhood improvement area includes building lots which might be affected by the cross-town artery.\u00a0 Apart from these areas, the areas located further east along the planned cross-town artery up to Hatschekstra\u00dfe in the north, including the so-called Eternit halls as well as the areas to the east of the federal state road L594, will be included in the neighborhood improvement area.<\/p>\n<p>The maximum period for implementing these urban improvements was fixed at 15 years.<\/p>\n<p>To include a plot of land in the neighborhood improvement area, a respective improvement annotation needs to be made in the land register, a reservation of approval in case of property deals as well as price fixing and price control for property deals need to be added in the land register. Upon conclusion of the improvement, a compensation levy will aply.<\/p>\n<p><a href=\"https:\/\/www.economypark.de\/wp-content\/uploads\/2024\/12\/Abschrift-Sanierungssatzung.pdf\" target=\"_blank\" rel=\"noopener\"><i class=\"fal fa-arrow-right\"><\/i> Redevelopment statutes<\/a><\/p>\n<\/div><\/div><\/div><\/div><\/div><div class=\"w-tabs-section\" id=\"od8c\"><button class=\"w-tabs-section-header\" aria-controls=\"content-od8c\" aria-expanded=\"false\"><div class=\"w-tabs-section-title\">Redevelopment agency<\/div><div class=\"w-tabs-section-control\"><\/div><\/button><div  class=\"w-tabs-section-content\" id=\"content-od8c\"><div class=\"w-tabs-section-content-h i-cf\"><div class=\"wpb_text_column\"><div class=\"wpb_wrapper\"><p>Following a Europe-wide tender process, <b>Nassauische Heimst\u00e4tte Wohnungs- und Entwicklungsgesellschaft mbH (NH)<\/b> was selected as the most technically and economically convincing bidder.<\/p>\n<p>As the redevelopment agency, NH is responsible for planning and implementing the urban development measures in the renewal area. Its tasks include:<\/p>\n<ul>\n<li>Managing and coordinating the projects in the area<\/li>\n<li>Planning and implementing construction and regulatory measures<\/li>\n<li>Handling property matters, including averting agreements<\/li>\n<li>Managing the funding as trustee of the special purpose association<\/li>\n<li>Advising the committees as well as public relations and reporting<\/li>\n<li>Attracting investors for commercial project development<\/li>\n<\/ul>\n<p><b><br \/>\nWhat does this mean for property owners?<\/b><\/p>\n<p>NH supports owners with all questions relating to permits, subsidies and participation in the development of the area:<\/p>\n<ul>\n<li><b>Approval under redevelopment law:<\/b> Approval is required for construction or conversion measures, for new rental or lease agreements and also for property sales within the area. This is checked by the redevelopment agency and granted by the special purpose association &#8211; provided that the measure applied for does not conflict with the objectives of the redevelopment.<br \/>\nIt is therefore advisable to contact the redevelopment agency at an early stage in order to coordinate planned measures.<br \/>\nWe always endeavor to find a solution that is satisfactory for all parties as quickly as possible.<\/li>\n<li><b>Funding opportunities:<\/b> There is the possibility of special tax write-offs. Funding opportunities can be examined for construction and restructuring measures. Further regulations are currently being drawn up. Here, too, you should contact the redevelopment agency as early as possible.<\/li>\n<li><b>Increase in value and compensation amounts:<\/b> The planned improvements in the neighborhood can lead to an increase in the value of the properties in the long term. Due to the implementation of the redevelopment measures by the special-purpose association, a compensation amount must be paid by the owners to the special-purpose association after completion of the redevelopment &#8211; as stipulated in the German Building Code. If you would like to find out more about this, please contact the redevelopment agency.<\/li>\n<\/ul>\n<p>The NH supports owners with all questions relating to permits, subsidies and participation in the development of the area:<\/p>\n<p><b>Nassauische Heimst\u00e4tte Wohnungs- und Entwicklungsgesellschaft mbH<\/b><br \/>\nFrau Jana Simon-Bauer<br \/>\nBergheimer Stra\u00dfe 147<br \/>\n69115 Heidelberg<br \/>\nTel.: +49 69 678674 1446<br \/>\nE-Mail: <a href=\"mailto:nh-economypark@projektstadt.de\">nh-economypark@projektstadt.de<\/a><br \/>\n<a href=\"http:\/\/www.projektstadt.de\/\">www.projektstadt.de<\/a><\/p>\n<p>The special-purpose association is also there for you: we are happy to support you and forward your concerns to the relevant departments:<\/p>\n<p><b>Stadtplanerin Zweckverband<\/b><br \/>\nFrau Julia Bier<br \/>\nBgm.-Weidemaier-Str. 35<br \/>\n69181 Leimen<br \/>\nTel.: +49 6221 5823171<br \/>\nE-Mail: <a href=\"mailto:julia.bier@heidelberg.de\">julia.bier@heidelberg.de<\/a><\/p>\n<\/div><\/div><\/div><\/div><\/div><\/div><\/div><\/div><\/div><\/div><\/div><\/div><\/section><section class=\"l-section wpb_row height_medium\" id=\"complete-zoning-map\"><div class=\"l-section-h i-cf\"><div class=\"g-cols vc_row via_flex valign_top type_default stacking_default\"><div class=\"vc_col-sm-12 wpb_column vc_column_container\"><div class=\"vc_column-inner\"><div class=\"wpb_wrapper\"><div class=\"wpb_text_column us_custom_d77bca1a section-header us_animate_this\"><div class=\"wpb_wrapper\"><\/div><\/div><div class=\"wpb_text_column us_custom_efc17075 abstand\"><div class=\"wpb_wrapper\"><h2>Complete Zoning Map<\/h2>\n<p>When the Special-Purpose District was founded, first planning objectives regarding the reorganization of existing urban development plans and regarding transport infrastructure were set down in a concept. Together with LBBW Immobilien Kommunalentwicklung GmbH (KE), we developed an urban development concept, which was approved by the Special-Purpose District Assembly in July 2022.<\/p>\n<p>The <a href=\"https:\/\/www.economypark.de\/wp-content\/uploads\/2023\/08\/20230222-ZVHDLM-vSFN-Naturschutzfachliche-Bestandserfassung-Bericht-gesamt_red.pdf\" target=\"_blank\" rel=\"noopener\"><i class=\"fal fa-arrow-right\"><\/i> inventory regarding environmental protection rules<\/a> for the Special-Purpose District&#8217;s territory was completed in 2022. The Special-Purpose District puts special emphasis on climate protection. Based on the municipal heating plan, we will commission a separate expert opinion on climate protection and energy supply for the Special-Purpose District\u2019s territory.<\/p>\n<p>In May 2023, part of the Special-Purpose District\u2019s territory was awarded funding from the urban development program of the State of Baden-W\u00fcrttemberg, amounting to EUR 3.2M. KE was charged with the preparatory investigations required for determining a neighborhood improvement area, which is set to be completed by spring 2024. July 2023 saw the first step towards creating a framework plan with the start of a cooperative planning process. Renowned planning agencies drafted urban development concepts for the Special-Purpose District\u2019s territory, with a special focus on taking into account the transport infrastructure. In a second step, these urban development concepts will go into greater detail. The framework plan will be based on the results and objectives of the neighborhood improvement plan as well as the preparatory investigations.<\/p>\n<\/div><\/div><div class=\"w-tabs abstand style_default switch_click accordion type_togglable has_scrolling remove_indents\" style=\"--sections-title-size:inherit\"><div class=\"w-tabs-sections titles-align_none icon_plus cpos_right\"><div class=\"w-tabs-section\" id=\"o90e\"><button class=\"w-tabs-section-header\" aria-controls=\"content-o90e\" aria-expanded=\"false\"><div class=\"w-tabs-section-title\">Preparatory Zoning Map<\/div><div class=\"w-tabs-section-control\"><\/div><\/button><div  class=\"w-tabs-section-content\" id=\"content-o90e\"><div class=\"w-tabs-section-content-h i-cf\"><div class=\"wpb_text_column\"><div class=\"wpb_wrapper\"><p>With the foundation of the Zweckverband Interkommunales Gewerbe- und Industriegebiet Heidelberg-Leimen (Special-Purpose District Inter-Municipal Commercial and Industrial Area Heidelberg-Leimen) on January 1, 2021, the two cities Heidelberg and Leimen have conferred their planning jurisdiction for the Special-Purpose District\u2019s territory to the Special-Purpose District.<\/p>\n<p>The Special-Purpose District Assembly resolved to create a zoning map for the entire Special-Purpose District\u2019s territory on July 13, 2021. Within the framework of preparing a zoning map applicable to the Special-Purpose District\u2019s territory, the existing zoning maps of the Cities of Heidelberg and Leimen will be replaced and planning laws will be established for areas that are so far undeveloped. Future urban developments will be based on a consistent and coordinated planning concept. At the same time, the zoning map creates the basis for joint planning and developments set to optimize transport infrastructure. Where necessary, developments will be based on partial zoning maps to be able to react more quickly. The publication of the resolution to prepare a zoning map can be found here:<br \/>\n<a href=\"https:\/\/www.economypark.de\/wp-content\/uploads\/2025\/06\/20210713_Verbandsversammlung_ZV_Aufstellungsbeschluss-17.05.2021.pdf\" target=\"_blank\" rel=\"noopener\"><i class=\"fal fa-arrow-right\"><\/i> Resolution to Prepare the Complete Zoning Map<\/a><br \/>\n<a href=\"https:\/\/www.economypark.de\/wp-content\/uploads\/2023\/08\/20210728-ZVHDLM-Bekanntmachung-Aufstellungsbeschluss-B-Plan.pdf\" target=\"_blank\" rel=\"noopener\"><i class=\"fal fa-arrow-right\"><\/i> Publication of the Resolution to Prepare a Zoning Map<\/a><\/p>\n<\/div><\/div><div class=\"w-image us_custom_8e81ccee us_animate_this align_none\"><a ref=\"magnificPopup\" href=\"https:\/\/www.economypark.de\/wp-content\/uploads\/2023\/08\/20230803-ZVHDLM-Geltungsbereich-B-Plan-ZV-1.jpg\" aria-label=\"Geltungsbereich B-Plan in Aufstellung\" class=\"w-image-h\"><img decoding=\"async\" width=\"440\" height=\"366\" src=\"https:\/\/www.economypark.de\/wp-content\/uploads\/2023\/08\/20230803-ZVHDLM-Geltungsbereich-B-Plan-ZV-1.jpg\" class=\"attachment-full size-full\" alt=\"\" loading=\"lazy\" srcset=\"https:\/\/www.economypark.de\/wp-content\/uploads\/2023\/08\/20230803-ZVHDLM-Geltungsbereich-B-Plan-ZV-1.jpg 440w, https:\/\/www.economypark.de\/wp-content\/uploads\/2023\/08\/20230803-ZVHDLM-Geltungsbereich-B-Plan-ZV-1-300x250.jpg 300w\" sizes=\"auto, (max-width: 440px) 100vw, 440px\" \/><\/a><\/div><div class=\"wpb_text_column us_custom_074e4fb7\"><div class=\"wpb_wrapper\"><p>Territory of the preparatory zoning map<\/p>\n<\/div><\/div><\/div><\/div><\/div><div class=\"w-tabs-section\" id=\"v28c\"><button class=\"w-tabs-section-header\" aria-controls=\"content-v28c\" aria-expanded=\"false\"><div class=\"w-tabs-section-title\">Existing Zoning Maps<\/div><div class=\"w-tabs-section-control\"><\/div><\/button><div  class=\"w-tabs-section-content\" id=\"content-v28c\"><div class=\"w-tabs-section-content-h i-cf\"><div class=\"wpb_text_column\"><div class=\"wpb_wrapper\"><p>Decisions on incoming building permit applications are made based on currently applicable zoning maps, insofar as they do not oppose the planning objectives of the Special-Purpose District.<\/p>\n<p>An overview plan shows the areas where currently applicable zoning maps have been replaced.<\/p>\n<\/div><\/div><div class=\"w-image us_custom_7679b683 align_none\"><a ref=\"magnificPopup\" href=\"https:\/\/www.economypark.de\/wp-content\/uploads\/2023\/08\/20230803-ZVHDLM-Uebersicht-geltende-B-Plaene-Bild-1.jpg\" aria-label=\"\u00dcbersicht geltende B-Pl\u00e4ne\" class=\"w-image-h\"><img decoding=\"async\" width=\"440\" height=\"367\" src=\"https:\/\/www.economypark.de\/wp-content\/uploads\/2023\/08\/20230803-ZVHDLM-Uebersicht-geltende-B-Plaene-Bild-1.jpg\" class=\"attachment-full size-full\" alt=\"\" loading=\"lazy\" srcset=\"https:\/\/www.economypark.de\/wp-content\/uploads\/2023\/08\/20230803-ZVHDLM-Uebersicht-geltende-B-Plaene-Bild-1.jpg 440w, https:\/\/www.economypark.de\/wp-content\/uploads\/2023\/08\/20230803-ZVHDLM-Uebersicht-geltende-B-Plaene-Bild-1-300x250.jpg 300w\" sizes=\"auto, (max-width: 440px) 100vw, 440px\" \/><\/a><\/div><div class=\"wpb_text_column us_custom_971d0fed\"><div class=\"wpb_wrapper\"><p>Overview applicable zoning maps<\/p>\n<\/div><\/div><div class=\"wpb_text_column\"><div class=\"wpb_wrapper\"><p>There are three zoning maps that apply to Heidelberg municipality land:<\/p>\n<p><a href=\"https:\/\/www.economypark.de\/wp-content\/uploads\/2025\/12\/ZVHDLM-Heidelberg-B-Plan_Gewerbegebiet_Sued_06-05-05_08-13.01.pdf\" target=\"_blank\" rel=\"noopener\"><i class=\"fal fa-arrow-right\"><\/i> Zoning Map Rohrbach: Commercial Area Rohrbach-S\u00fcd, amendments 6, 7 and 8<\/a><\/p>\n<p><a href=\"https:\/\/www.economypark.de\/wp-content\/uploads\/2025\/12\/ZVHDLM-Heidelberg-B-Plan_Gewerbegebiet_Sued_Baumarkt_06-05-09-.pdf\" target=\"_blank\" rel=\"noopener\"><i class=\"fal fa-arrow-right\"><\/i> Project-Related Zoning Map Rohrbach: Commercial Area Rohrbach-S\u00fcd \u201eHardware Store and Garden Center \u2013 Im Breitspiel\u201c<\/a><\/p>\n<p><a href=\"https:\/\/www.economypark.de\/wp-content\/uploads\/2025\/12\/ZVHDLM-Heidelberg-B-Plan_Gewerbegebiet_Sued_Medizinisches_Versor.pdf\" target=\"_blank\" rel=\"noopener\"><i class=\"fal fa-arrow-right\"><\/i> Zoning Map Rohrbach: Commercial Area Rohrbach-S\u00fcd \u201eHealth Center \u2013 Im Breitspiel\u201c<\/a><\/p>\n<p>There are five zoning maps that apply to Leimen municipality land:<\/p>\n<p><a href=\"https:\/\/www.leimen.de\/fileadmin\/Dateien\/Webseite\/Dateien\/Rathaus_und_Service\/\u00c4mter\/Baurechtsamt\/Bebauungsplaene\/Gemarkung_Leimen\/Gewerbegebiet_Nord_II\/Bebauungsplan__3_.pdf\" target=\"_blank\" rel=\"noopener\"><i class=\"fal fa-arrow-right\"><\/i> Commercial Area North II<\/a><\/p>\n<p><a href=\"https:\/\/www.leimen.de\/fileadmin\/Dateien\/Webseite\/Dateien\/Rathaus_und_Service\/\u00c4mter\/Baurechtsamt\/Bebauungsplaene\/Gemarkung_Leimen\/Gewerbegebiet_Nord_II%2C_1._aend._Veraenderungssperre\/Bebauungsplan.pdf\" target=\"_blank\" rel=\"noopener\"><i class=\"fal fa-arrow-right\"><\/i> Commercial Area North II, 1st amendment and new version<\/a><\/p>\n<p><a href=\"https:\/\/www.leimen.de\/fileadmin\/Dateien\/Webseite\/Dateien\/Rathaus_und_Service\/\u00c4mter\/Baurechtsamt\/Bebauungsplaene\/Gemarkung_Leimen\/Gewerbegebiet_Nord_III%2C_1._Teilabschnitt\/Bebauungsplan.pdf\" target=\"_blank\" rel=\"noopener\"><i class=\"fal fa-arrow-right\"><\/i> Commercial Area North III, 1st Section<\/a><\/p>\n<p><a href=\"https:\/\/www.leimen.de\/fileadmin\/Dateien\/Webseite\/Dateien\/Rathaus_und_Service\/\u00c4mter\/Baurechtsamt\/Bebauungsplaene\/Gemarkung_Leimen\/Gewerbegebiet_Nord_III%2C_2._Teilabschnitt%2C_Teilbereich_1%2C_1._aenderung\/Bebauungsplan.pdf\" target=\"_blank\" rel=\"noopener\"><i class=\"fal fa-arrow-right\"><\/i> Commercial Area North III, 2nd Section, Part 1<\/a><\/p>\n<p><a href=\"https:\/\/www.leimen.de\/fileadmin\/Dateien\/Webseite\/Dateien\/Rathaus_und_Service\/\u00c4mter\/Baurechtsamt\/Bebauungsplaene\/Gemarkung_Leimen\/Gewerbegebiet_Nord_III__2._Teilabschnitt__Teilbereich_1__1._\u00c4nderung\/Bebauungsplan.pdf\" target=\"_blank\" rel=\"noopener\"><i class=\"fal fa-arrow-right\"><\/i> Commercial Area North III, 2nd Section, Part 1, 1st amendment<\/a><\/p>\n<p>The administrative unit of the Special-Purpose District recommends consulting the relevant bodies before submitting a construction application. Please get in touch for further information.<\/p>\n<\/div><\/div><\/div><\/div><\/div><div class=\"w-tabs-section\" id=\"q40b\"><button class=\"w-tabs-section-header\" aria-controls=\"content-q40b\" aria-expanded=\"false\"><div class=\"w-tabs-section-title\">Right of First Refusal<\/div><div class=\"w-tabs-section-control\"><\/div><\/button><div  class=\"w-tabs-section-content\" id=\"content-q40b\"><div class=\"w-tabs-section-content-h i-cf\"><div class=\"wpb_text_column\"><div class=\"wpb_wrapper\"><p>The statutes concerning a special right of first refusal according to \u00a7 25 of the Baugesetzbuch (German Building Code) apply for the plots of land located between the train line Heidelberg-Bruchsal and the federal state road (Landesstra\u00dfe 594) on the Special-Purpose District&#8217;s territory. The right of first refusal concerning properties and plots of land is a legal instrument that supports and ensures an orderly urban development in accordance with the urban development plan.<br \/>\n<a href=\"https:\/\/www.economypark.de\/wp-content\/uploads\/2023\/08\/3_20200218-ZVHDLM-Bekanntmachung-Vorkaufsrecht-Heidelberg.pdf\" target=\"_blank\" rel=\"noopener\"><i class=\"fal fa-arrow-right\"><\/i> The statutes and the plan on the right of first refusal concerning Heidelberg municipality land are accessible here.<\/a><br \/>\n<a href=\"https:\/\/www.economypark.de\/wp-content\/uploads\/2023\/08\/4_20220721-ZVHDLM-Bekanntmachung-Vorkaufsrecht-Leimen.pdf\" target=\"_blank\" rel=\"noopener\"><i class=\"fal fa-arrow-right\"><\/i> The statutes and the plan on the right of first refusal concerning Leimen municipality land are accessible here.<\/a><\/p>\n<\/div><\/div><\/div><\/div><\/div><\/div><\/div><\/div><\/div><\/div><\/div><\/div><\/section><section class=\"l-section wpb_row height_medium\" id=\"first-partial-zoning-map\"><div class=\"l-section-h i-cf\"><div class=\"g-cols vc_row via_flex valign_top type_default stacking_default\"><div class=\"vc_col-sm-12 wpb_column vc_column_container\"><div class=\"vc_column-inner\"><div class=\"wpb_wrapper\"><div class=\"wpb_text_column us_custom_d77bca1a section-header us_animate_this\"><div class=\"wpb_wrapper\"><\/div><\/div><div class=\"wpb_text_column us_custom_efc17075 abstand\"><div class=\"wpb_wrapper\"><h2>First partial zoning map for the Etex premises<\/h2>\n<p>In its public meeting on February 11, 2025, the Assembly of the Zweckverband \u201eInterkommunales Gewerbe- und Industriegebiet Heidelberg-Leimen\u201c (Special-Purpose District \u201cInter-Municipal Commercial and Industrial Area Heidelberg-Leimen\u201d) has passed a resolution to prepare the \u201cFirst Partial Zoning Map for the Etex Premises\u201d.<br \/>\nIn particular, this first partial zoning map is set to reorganize the expansive Etex premises and to develop the civil engineering structure to prepare the premises for use by industrial and commercial companies from the \u201csustainable construction and medical technology\u201d field. The \u201cFirst Partial Zoning Map for the Etex Premises\u201d will create a legal planning basis for developing the premises with a view to transport infrastructure.<\/p>\n<p>Furthermore, plans include turning the landmarked Eternit halls into a place that creates a sense of identity. It is set to become the area\u2019s new heart and center.<\/p>\n<\/div><\/div><div class=\"w-image us_custom_adbf7436 abstand us_animate_this align_none\"><a ref=\"magnificPopup\" href=\"https:\/\/www.economypark.de\/wp-content\/uploads\/2025\/06\/1.Teilbebauungsplan.png\" aria-label=\"1.Teilbebauungsplan\" class=\"w-image-h\"><img decoding=\"async\" width=\"1329\" height=\"864\" src=\"https:\/\/www.economypark.de\/wp-content\/uploads\/2025\/06\/1.Teilbebauungsplan.png\" class=\"attachment-full size-full\" alt=\"\" loading=\"lazy\" srcset=\"https:\/\/www.economypark.de\/wp-content\/uploads\/2025\/06\/1.Teilbebauungsplan.png 1329w, https:\/\/www.economypark.de\/wp-content\/uploads\/2025\/06\/1.Teilbebauungsplan-300x195.png 300w, https:\/\/www.economypark.de\/wp-content\/uploads\/2025\/06\/1.Teilbebauungsplan-1024x666.png 1024w\" sizes=\"auto, (max-width: 1329px) 100vw, 1329px\" \/><\/a><\/div><div class=\"wpb_text_column abstand\"><div class=\"wpb_wrapper\"><p><a href=\"\/downloads\/#bekanntmachungen\" target=\"_blank\" rel=\"noopener\"><i class=\"fal fa-arrow-right\"><\/i> Public announcements<\/a><\/p>\n<\/div><\/div><\/div><\/div><\/div><\/div><\/div><\/section><section class=\"l-section wpb_row height_medium\" id=\"traffic-planning\"><div class=\"l-section-h i-cf\"><div class=\"g-cols vc_row via_flex valign_top type_default stacking_default\"><div class=\"vc_col-sm-12 wpb_column vc_column_container\"><div class=\"vc_column-inner\"><div class=\"wpb_wrapper\"><div class=\"wpb_text_column us_custom_d77bca1a section-header us_animate_this\"><div class=\"wpb_wrapper\"><\/div><\/div><div class=\"wpb_text_column us_custom_efc17075 abstand\"><div class=\"wpb_wrapper\"><h2>Feasibility Study on Infrastructure Development<\/h2>\n<p>One of the main developments of the special-purpose district\u2019s territory is the targeted expansion of transport infrastructure. Here, the focus lies on creating a <b>cross-town artery<\/b> from Stralsunder Ring (L 600) to Rohrbacher Stra\u00dfe (L 594).<\/p>\n<p>As part of the creation of an urban development framework plan, we conducted a <b>transport study<\/b> the results of which are promising. The planed cross-town artery will not only <b>significantly reduce traffic on the federal state roads L594 and L600<\/b>, but also optimize <b>traffic flow on the entire road network<\/b> of the area, thereby significantly improving accessibility of the territory.<\/p>\n<p>Another integral part of our planning is the integration of public transport:<\/p>\n<p>We are currently examining whether a <b>streetcar connection<\/b> may be created <b>in parallel to the cross-town artery above ground<\/b> in order to improve the area\u2019s public transport links. The next step will be a <b>design and location approval process<\/b> for the cross-town artery as well as the streetcar connection.<\/p>\n<p>We also commissioned an <b>analysis of the potential of a suburban train stop<\/b> on the special-purpose district\u2019s territory. The goal is to significantly improve train service connections and increase regional accessibility.<\/p>\n<\/div><\/div><\/div><\/div><\/div><\/div><\/div><\/section><section class=\"l-section wpb_row height_medium\" id=\"energy-and-climate-protection\"><div class=\"l-section-h i-cf\"><div class=\"g-cols vc_row via_flex valign_top type_default stacking_default\"><div class=\"vc_col-sm-12 wpb_column vc_column_container\"><div class=\"vc_column-inner\"><div class=\"wpb_wrapper\"><div class=\"wpb_text_column us_custom_d77bca1a section-header us_animate_this\"><div class=\"wpb_wrapper\"><\/div><\/div><div class=\"wpb_text_column us_custom_efc17075 abstand\"><div class=\"wpb_wrapper\"><h2>Energy and climate protection<\/h2>\n<p>The Special-Purpose District\u2019s Assembly has passed a decision of principle to set up a climate and energy concept for the District\u2019s territory. An essential part of this concept is the heating plan. A specialized agency was commissioned to draft such a concept. The heating concept was presented at the Assembly\u2019s meeting on November 26, 2024.<\/p>\n<p>Apart from an initial site analysis of industrial process heat in plants and the buildings to be supplied on the Special-Purpose District\u2019s territory, we also identified possible savings. A target scenario shows how to achieve Baden-W\u00fcrttemberg\u2019s statutory objective of climate-neutrality by 2040 at the latest, including an interim objective by 2030. According to the concept, new buildings and existing properties should be converted to a low-temperature heating network, including peak load management, and complemented with local environmental heat and a central heat pump in Energiepark S\u00fcd.\u00a0 We are considering the use of reversible heat pumps, biomass of cogeneration units as well as waste heat from wastewater treatment plants and commercial areas. Industrial process heating needs could be satisfied in particular by providing hydrogen or synthetic fuels.<\/p>\n<p><a href=\"https:\/\/www.economypark.de\/wp-content\/uploads\/2024\/12\/20241220-Waermeplanung.pdf\" target=\"_blank\" rel=\"noopener\"><i class=\"fal fa-arrow-right\"><\/i> Heat planning report<\/a><\/p>\n<\/div><\/div><\/div><\/div><\/div><\/div><\/div><\/section>\n","protected":false},"excerpt":{"rendered":"Plannings \u201eTo make our commercial and industrial area fit for the future, we need more than just space \u2013 we need a vision, we need partnership and actions. That is exactly what Economy Park Heidelberg \u2013 Leimen offers.\u201c First Deputy Mayor of Heidelberg J\u00fcrgen Odszuck, Vice-President of the Special-Purpose District Projects and Processes Implemented Projects...","protected":false},"author":1,"featured_media":363,"parent":0,"menu_order":0,"comment_status":"closed","ping_status":"closed","template":"","meta":{"_acf_changed":false,"footnotes":""},"class_list":["post-596","page","type-page","status-publish","has-post-thumbnail","hentry"],"acf":[],"yoast_head":"<!-- This site is optimized with the Yoast SEO plugin v27.4 - https:\/\/yoast.com\/product\/yoast-seo-wordpress\/ -->\n<title>Planning &amp; Development<\/title>\n<meta name=\"description\" content=\"Current development plans, urban renewal, and infrastructure projects at Economy Park. Get details on the master plan and funding opportunities.\" \/>\n<meta name=\"robots\" content=\"index, follow, max-snippet:-1, max-image-preview:large, max-video-preview:-1\" \/>\n<link rel=\"canonical\" href=\"https:\/\/www.economypark.de\/en\/plannings\/\" \/>\n<meta property=\"og:locale\" content=\"de_DE\" \/>\n<meta property=\"og:type\" content=\"article\" \/>\n<meta property=\"og:title\" content=\"Planning &amp; Development\" \/>\n<meta property=\"og:description\" content=\"Current development plans, urban renewal, and infrastructure projects at Economy Park. Get details on the master plan and funding opportunities.\" \/>\n<meta property=\"og:url\" content=\"https:\/\/www.economypark.de\/en\/plannings\/\" \/>\n<meta property=\"og:site_name\" content=\"Economy Park\" \/>\n<meta property=\"article:modified_time\" content=\"2026-04-24T09:31:19+00:00\" \/>\n<meta property=\"og:image\" content=\"https:\/\/www.economypark.de\/wp-content\/uploads\/2023\/07\/20230712_Planungen_ZVHDLM.jpg\" \/>\n\t<meta property=\"og:image:width\" content=\"1920\" \/>\n\t<meta property=\"og:image:height\" content=\"1440\" \/>\n\t<meta property=\"og:image:type\" content=\"image\/jpeg\" \/>\n<meta name=\"twitter:card\" content=\"summary_large_image\" \/>\n<meta name=\"twitter:label1\" content=\"Gesch\u00e4tzte Lesezeit\" \/>\n\t<meta name=\"twitter:data1\" content=\"17\u00a0Minuten\" \/>\n<script type=\"application\/ld+json\" class=\"yoast-schema-graph\">{\"@context\":\"https:\\\/\\\/schema.org\",\"@graph\":[{\"@type\":\"WebPage\",\"@id\":\"https:\\\/\\\/www.economypark.de\\\/en\\\/plannings\\\/\",\"url\":\"https:\\\/\\\/www.economypark.de\\\/en\\\/plannings\\\/\",\"name\":\"Planning & Development\",\"isPartOf\":{\"@id\":\"https:\\\/\\\/www.economypark.de\\\/#website\"},\"primaryImageOfPage\":{\"@id\":\"https:\\\/\\\/www.economypark.de\\\/en\\\/plannings\\\/#primaryimage\"},\"image\":{\"@id\":\"https:\\\/\\\/www.economypark.de\\\/en\\\/plannings\\\/#primaryimage\"},\"thumbnailUrl\":\"https:\\\/\\\/www.economypark.de\\\/wp-content\\\/uploads\\\/2023\\\/07\\\/20230712_Planungen_ZVHDLM.jpg\",\"datePublished\":\"2023-09-21T07:12:17+00:00\",\"dateModified\":\"2026-04-24T09:31:19+00:00\",\"description\":\"Current development plans, urban renewal, and infrastructure projects at Economy Park. Get details on the master plan and funding opportunities.\",\"breadcrumb\":{\"@id\":\"https:\\\/\\\/www.economypark.de\\\/en\\\/plannings\\\/#breadcrumb\"},\"inLanguage\":\"de\",\"potentialAction\":[{\"@type\":\"ReadAction\",\"target\":[\"https:\\\/\\\/www.economypark.de\\\/en\\\/plannings\\\/\"]}]},{\"@type\":\"ImageObject\",\"inLanguage\":\"de\",\"@id\":\"https:\\\/\\\/www.economypark.de\\\/en\\\/plannings\\\/#primaryimage\",\"url\":\"https:\\\/\\\/www.economypark.de\\\/wp-content\\\/uploads\\\/2023\\\/07\\\/20230712_Planungen_ZVHDLM.jpg\",\"contentUrl\":\"https:\\\/\\\/www.economypark.de\\\/wp-content\\\/uploads\\\/2023\\\/07\\\/20230712_Planungen_ZVHDLM.jpg\",\"width\":1920,\"height\":1440},{\"@type\":\"BreadcrumbList\",\"@id\":\"https:\\\/\\\/www.economypark.de\\\/en\\\/plannings\\\/#breadcrumb\",\"itemListElement\":[{\"@type\":\"ListItem\",\"position\":1,\"name\":\"Start\",\"item\":\"https:\\\/\\\/www.economypark.de\\\/\"},{\"@type\":\"ListItem\",\"position\":2,\"name\":\"Plannings\"}]},{\"@type\":\"WebSite\",\"@id\":\"https:\\\/\\\/www.economypark.de\\\/#website\",\"url\":\"https:\\\/\\\/www.economypark.de\\\/\",\"name\":\"Economy Park\",\"description\":\"Innovative &amp; nachhaltige Gewerbefl\u00e4chen in der Metropolregion Rhein-Neckar.\",\"potentialAction\":[{\"@type\":\"SearchAction\",\"target\":{\"@type\":\"EntryPoint\",\"urlTemplate\":\"https:\\\/\\\/www.economypark.de\\\/?s={search_term_string}\"},\"query-input\":{\"@type\":\"PropertyValueSpecification\",\"valueRequired\":true,\"valueName\":\"search_term_string\"}}],\"inLanguage\":\"de\"}]}<\/script>\n<!-- \/ Yoast SEO plugin. -->","yoast_head_json":{"title":"Planning & Development","description":"Current development plans, urban renewal, and infrastructure projects at Economy Park. Get details on the master plan and funding opportunities.","robots":{"index":"index","follow":"follow","max-snippet":"max-snippet:-1","max-image-preview":"max-image-preview:large","max-video-preview":"max-video-preview:-1"},"canonical":"https:\/\/www.economypark.de\/en\/plannings\/","og_locale":"de_DE","og_type":"article","og_title":"Planning & Development","og_description":"Current development plans, urban renewal, and infrastructure projects at Economy Park. Get details on the master plan and funding opportunities.","og_url":"https:\/\/www.economypark.de\/en\/plannings\/","og_site_name":"Economy Park","article_modified_time":"2026-04-24T09:31:19+00:00","og_image":[{"width":1920,"height":1440,"url":"https:\/\/www.economypark.de\/wp-content\/uploads\/2023\/07\/20230712_Planungen_ZVHDLM.jpg","type":"image\/jpeg"}],"twitter_card":"summary_large_image","twitter_misc":{"Gesch\u00e4tzte Lesezeit":"17\u00a0Minuten"},"schema":{"@context":"https:\/\/schema.org","@graph":[{"@type":"WebPage","@id":"https:\/\/www.economypark.de\/en\/plannings\/","url":"https:\/\/www.economypark.de\/en\/plannings\/","name":"Planning & Development","isPartOf":{"@id":"https:\/\/www.economypark.de\/#website"},"primaryImageOfPage":{"@id":"https:\/\/www.economypark.de\/en\/plannings\/#primaryimage"},"image":{"@id":"https:\/\/www.economypark.de\/en\/plannings\/#primaryimage"},"thumbnailUrl":"https:\/\/www.economypark.de\/wp-content\/uploads\/2023\/07\/20230712_Planungen_ZVHDLM.jpg","datePublished":"2023-09-21T07:12:17+00:00","dateModified":"2026-04-24T09:31:19+00:00","description":"Current development plans, urban renewal, and infrastructure projects at Economy Park. Get details on the master plan and funding opportunities.","breadcrumb":{"@id":"https:\/\/www.economypark.de\/en\/plannings\/#breadcrumb"},"inLanguage":"de","potentialAction":[{"@type":"ReadAction","target":["https:\/\/www.economypark.de\/en\/plannings\/"]}]},{"@type":"ImageObject","inLanguage":"de","@id":"https:\/\/www.economypark.de\/en\/plannings\/#primaryimage","url":"https:\/\/www.economypark.de\/wp-content\/uploads\/2023\/07\/20230712_Planungen_ZVHDLM.jpg","contentUrl":"https:\/\/www.economypark.de\/wp-content\/uploads\/2023\/07\/20230712_Planungen_ZVHDLM.jpg","width":1920,"height":1440},{"@type":"BreadcrumbList","@id":"https:\/\/www.economypark.de\/en\/plannings\/#breadcrumb","itemListElement":[{"@type":"ListItem","position":1,"name":"Start","item":"https:\/\/www.economypark.de\/"},{"@type":"ListItem","position":2,"name":"Plannings"}]},{"@type":"WebSite","@id":"https:\/\/www.economypark.de\/#website","url":"https:\/\/www.economypark.de\/","name":"Economy Park","description":"Innovative &amp; nachhaltige Gewerbefl\u00e4chen in der Metropolregion Rhein-Neckar.","potentialAction":[{"@type":"SearchAction","target":{"@type":"EntryPoint","urlTemplate":"https:\/\/www.economypark.de\/?s={search_term_string}"},"query-input":{"@type":"PropertyValueSpecification","valueRequired":true,"valueName":"search_term_string"}}],"inLanguage":"de"}]}},"_links":{"self":[{"href":"https:\/\/www.economypark.de\/ecopark-api\/wp\/v2\/pages\/596","targetHints":{"allow":["GET"]}}],"collection":[{"href":"https:\/\/www.economypark.de\/ecopark-api\/wp\/v2\/pages"}],"about":[{"href":"https:\/\/www.economypark.de\/ecopark-api\/wp\/v2\/types\/page"}],"author":[{"embeddable":true,"href":"https:\/\/www.economypark.de\/ecopark-api\/wp\/v2\/users\/1"}],"replies":[{"embeddable":true,"href":"https:\/\/www.economypark.de\/ecopark-api\/wp\/v2\/comments?post=596"}],"version-history":[{"count":58,"href":"https:\/\/www.economypark.de\/ecopark-api\/wp\/v2\/pages\/596\/revisions"}],"predecessor-version":[{"id":1906,"href":"https:\/\/www.economypark.de\/ecopark-api\/wp\/v2\/pages\/596\/revisions\/1906"}],"wp:featuredmedia":[{"embeddable":true,"href":"https:\/\/www.economypark.de\/ecopark-api\/wp\/v2\/media\/363"}],"wp:attachment":[{"href":"https:\/\/www.economypark.de\/ecopark-api\/wp\/v2\/media?parent=596"}],"curies":[{"name":"wp","href":"https:\/\/api.w.org\/{rel}","templated":true}]}}