{"id":44,"date":"2023-07-06T10:06:40","date_gmt":"2023-07-06T08:06:40","guid":{"rendered":"https:\/\/www.economypark.de\/?page_id=44"},"modified":"2026-04-24T11:24:20","modified_gmt":"2026-04-24T09:24:20","slug":"impressum","status":"publish","type":"page","link":"https:\/\/www.economypark.de\/impressum\/","title":{"rendered":"Impressum"},"content":{"rendered":"<section class=\"l-section wpb_row height_medium\"><div class=\"l-section-h i-cf\"><div class=\"g-cols vc_row via_flex valign_top type_default stacking_default\"><div class=\"vc_col-sm-12 wpb_column vc_column_container\"><div class=\"vc_column-inner\"><div class=\"wpb_wrapper\"><div class=\"wpb_text_column\"><div class=\"wpb_wrapper\"><h1>Impressum<\/h1>\n<p><strong>\u00a0<\/strong><\/p>\n<h3>Angaben gem\u00e4\u00df \u00a7 5 Telemediengesetz (TMG)<\/h3>\n<p>Zweckverband \u201eInterkommunales Gewerbe- und Industriegebiet Heidelberg \u2013 Leimen\u201c<br \/>\nB\u00fcrgermeister-Weidemaier-Stra\u00dfe 35<br \/>\n69181 Leimen<\/p>\n<h4>Vertreten durch:<\/h4>\n<p>Verbandsvorsitzender John Ehret<\/p>\n<p>&nbsp;<\/p>\n<h3>Rechtsform<\/h3>\n<p>Juristische Person des \u00f6ffentlichen Rechts<\/p>\n<h3>Kontakt<\/h3>\n<p>Telefon: +49 (0) 6221 58-10152<br \/>\nE-Mail: <a href=\"mailto:info-economypark@heidelberg.de\">info-economypark@heidelberg.de<\/a><\/p>\n<h3>Steuernummer<\/h3>\n<p>2832\/181\/40001<br \/>\nFinanzamt Heidelberg<\/p>\n<h3>Bankverbindung<\/h3>\n<p>Sparkasse Heidelberg<br \/>\nIBAN: DE26 6725 0020 0009 3196 89<br \/>\nBIC: \u00a0\u00a0 SOLADES1HDB<strong>\u00a0<\/strong><\/p>\n<h3>Datenschutzbeauftragte<\/h3>\n<p>Rebecca Radde<br \/>\nB\u00fcrgermeister-Weidemaier-Stra\u00dfe 35<br \/>\n69181 Leimen<br \/>\nTelefon: +49 (0) 6221 58-10151<br \/>\nE-Mail: rebecca.radde@heidelberg.de<strong>\u00a0<\/strong><\/p>\n<h3>Aktualisierung<\/h3>\n<p>Eine Gew\u00e4hr oder Garantie f\u00fcr die Aktualit\u00e4t, Richtigkeit und Vollst\u00e4ndigkeit der zur Verf\u00fcgung gestellten Informationen und Daten wird nicht \u00fcbernommen.<\/p>\n<\/div><\/div><\/div><\/div><\/div><\/div><\/div><\/section>\n","protected":false},"excerpt":{"rendered":"Impressum \u00a0 Angaben gem\u00e4\u00df \u00a7 5 Telemediengesetz (TMG) Zweckverband \u201eInterkommunales Gewerbe- und Industriegebiet Heidelberg \u2013 Leimen\u201c B\u00fcrgermeister-Weidemaier-Stra\u00dfe 35 69181 Leimen Vertreten durch: Verbandsvorsitzender John Ehret &nbsp; Rechtsform Juristische Person des \u00f6ffentlichen Rechts Kontakt Telefon: +49 (0) 6221 58-10152 E-Mail: info-economypark@heidelberg.de Steuernummer 2832\/181\/40001 Finanzamt Heidelberg Bankverbindung Sparkasse Heidelberg IBAN: DE26 6725 0020 0009 3196 89 BIC:...","protected":false},"author":1,"featured_media":0,"parent":0,"menu_order":0,"comment_status":"closed","ping_status":"closed","template":"","meta":{"_acf_changed":false,"footnotes":""},"class_list":["post-44","page","type-page","status-publish","hentry"],"acf":[],"yoast_head":"<!-- This site is optimized with the Yoast SEO plugin v27.4 - https:\/\/yoast.com\/product\/yoast-seo-wordpress\/ -->\n<title>Impressum | Zweckverband Economy Park<\/title>\n<meta name=\"description\" content=\"Rechtliche Informationen und Verantwortlichkeiten des Zweckverbands Interkommunales Gewerbe- und Industriegebiet Heidelberg-Leimen.\" \/>\n<meta name=\"robots\" content=\"noindex, follow\" \/>\n<meta property=\"og:locale\" content=\"de_DE\" \/>\n<meta property=\"og:type\" content=\"article\" \/>\n<meta property=\"og:title\" content=\"Impressum | Zweckverband Economy Park\" \/>\n<meta property=\"og:description\" content=\"Rechtliche Informationen und Verantwortlichkeiten des Zweckverbands Interkommunales Gewerbe- und Industriegebiet Heidelberg-Leimen.\" \/>\n<meta property=\"og:url\" content=\"https:\/\/www.economypark.de\/impressum\/\" \/>\n<meta property=\"og:site_name\" content=\"Economy Park\" \/>\n<meta property=\"article:modified_time\" content=\"2026-04-24T09:24:20+00:00\" \/>\n<meta name=\"twitter:card\" content=\"summary_large_image\" \/>\n<meta name=\"twitter:label1\" content=\"Gesch\u00e4tzte Lesezeit\" \/>\n\t<meta name=\"twitter:data1\" content=\"1\u00a0Minute\" \/>\n<script type=\"application\/ld+json\" class=\"yoast-schema-graph\">{\"@context\":\"https:\\\/\\\/schema.org\",\"@graph\":[{\"@type\":\"WebPage\",\"@id\":\"https:\\\/\\\/www.economypark.de\\\/impressum\\\/\",\"url\":\"https:\\\/\\\/www.economypark.de\\\/impressum\\\/\",\"name\":\"Impressum | Zweckverband Economy Park\",\"isPartOf\":{\"@id\":\"https:\\\/\\\/www.economypark.de\\\/#website\"},\"datePublished\":\"2023-07-06T08:06:40+00:00\",\"dateModified\":\"2026-04-24T09:24:20+00:00\",\"description\":\"Rechtliche Informationen und Verantwortlichkeiten des Zweckverbands Interkommunales Gewerbe- und Industriegebiet Heidelberg-Leimen.\",\"breadcrumb\":{\"@id\":\"https:\\\/\\\/www.economypark.de\\\/impressum\\\/#breadcrumb\"},\"inLanguage\":\"de\",\"potentialAction\":[{\"@type\":\"ReadAction\",\"target\":[\"https:\\\/\\\/www.economypark.de\\\/impressum\\\/\"]}]},{\"@type\":\"BreadcrumbList\",\"@id\":\"https:\\\/\\\/www.economypark.de\\\/impressum\\\/#breadcrumb\",\"itemListElement\":[{\"@type\":\"ListItem\",\"position\":1,\"name\":\"Start\",\"item\":\"https:\\\/\\\/www.economypark.de\\\/\"},{\"@type\":\"ListItem\",\"position\":2,\"name\":\"Impressum\"}]},{\"@type\":\"WebSite\",\"@id\":\"https:\\\/\\\/www.economypark.de\\\/#website\",\"url\":\"https:\\\/\\\/www.economypark.de\\\/\",\"name\":\"Economy Park\",\"description\":\"Innovative &amp; nachhaltige Gewerbefl\u00e4chen in der Metropolregion Rhein-Neckar.\",\"potentialAction\":[{\"@type\":\"SearchAction\",\"target\":{\"@type\":\"EntryPoint\",\"urlTemplate\":\"https:\\\/\\\/www.economypark.de\\\/?s={search_term_string}\"},\"query-input\":{\"@type\":\"PropertyValueSpecification\",\"valueRequired\":true,\"valueName\":\"search_term_string\"}}],\"inLanguage\":\"de\"}]}<\/script>\n<!-- \/ Yoast SEO plugin. -->","yoast_head_json":{"title":"Impressum | Zweckverband Economy Park","description":"Rechtliche Informationen und Verantwortlichkeiten des Zweckverbands Interkommunales Gewerbe- und Industriegebiet Heidelberg-Leimen.","robots":{"index":"noindex","follow":"follow"},"og_locale":"de_DE","og_type":"article","og_title":"Impressum | Zweckverband Economy Park","og_description":"Rechtliche Informationen und Verantwortlichkeiten des Zweckverbands Interkommunales Gewerbe- und Industriegebiet Heidelberg-Leimen.","og_url":"https:\/\/www.economypark.de\/impressum\/","og_site_name":"Economy Park","article_modified_time":"2026-04-24T09:24:20+00:00","twitter_card":"summary_large_image","twitter_misc":{"Gesch\u00e4tzte Lesezeit":"1\u00a0Minute"},"schema":{"@context":"https:\/\/schema.org","@graph":[{"@type":"WebPage","@id":"https:\/\/www.economypark.de\/impressum\/","url":"https:\/\/www.economypark.de\/impressum\/","name":"Impressum | Zweckverband Economy Park","isPartOf":{"@id":"https:\/\/www.economypark.de\/#website"},"datePublished":"2023-07-06T08:06:40+00:00","dateModified":"2026-04-24T09:24:20+00:00","description":"Rechtliche Informationen und Verantwortlichkeiten des Zweckverbands Interkommunales Gewerbe- und Industriegebiet Heidelberg-Leimen.","breadcrumb":{"@id":"https:\/\/www.economypark.de\/impressum\/#breadcrumb"},"inLanguage":"de","potentialAction":[{"@type":"ReadAction","target":["https:\/\/www.economypark.de\/impressum\/"]}]},{"@type":"BreadcrumbList","@id":"https:\/\/www.economypark.de\/impressum\/#breadcrumb","itemListElement":[{"@type":"ListItem","position":1,"name":"Start","item":"https:\/\/www.economypark.de\/"},{"@type":"ListItem","position":2,"name":"Impressum"}]},{"@type":"WebSite","@id":"https:\/\/www.economypark.de\/#website","url":"https:\/\/www.economypark.de\/","name":"Economy Park","description":"Innovative &amp; nachhaltige Gewerbefl\u00e4chen in der Metropolregion Rhein-Neckar.","potentialAction":[{"@type":"SearchAction","target":{"@type":"EntryPoint","urlTemplate":"https:\/\/www.economypark.de\/?s={search_term_string}"},"query-input":{"@type":"PropertyValueSpecification","valueRequired":true,"valueName":"search_term_string"}}],"inLanguage":"de"}]}},"_links":{"self":[{"href":"https:\/\/www.economypark.de\/ecopark-api\/wp\/v2\/pages\/44","targetHints":{"allow":["GET"]}}],"collection":[{"href":"https:\/\/www.economypark.de\/ecopark-api\/wp\/v2\/pages"}],"about":[{"href":"https:\/\/www.economypark.de\/ecopark-api\/wp\/v2\/types\/page"}],"author":[{"embeddable":true,"href":"https:\/\/www.economypark.de\/ecopark-api\/wp\/v2\/users\/1"}],"replies":[{"embeddable":true,"href":"https:\/\/www.economypark.de\/ecopark-api\/wp\/v2\/comments?post=44"}],"version-history":[{"count":5,"href":"https:\/\/www.economypark.de\/ecopark-api\/wp\/v2\/pages\/44\/revisions"}],"predecessor-version":[{"id":915,"href":"https:\/\/www.economypark.de\/ecopark-api\/wp\/v2\/pages\/44\/revisions\/915"}],"wp:attachment":[{"href":"https:\/\/www.economypark.de\/ecopark-api\/wp\/v2\/media?parent=44"}],"curies":[{"name":"wp","href":"https:\/\/api.w.org\/{rel}","templated":true}]}}