{"version":"1.0","provider_name":"Economy Park","provider_url":"https:\/\/www.economypark.de","author_name":"r.radde","author_url":"https:\/\/www.economypark.de\/author\/r-radde\/","title":"John Ehret zum neuen Verbandsvorsitzenden gew\u00e4hlt - Economy Park","type":"rich","width":600,"height":338,"html":"<blockquote class=\"wp-embedded-content\" data-secret=\"JMjlpXzFgx\"><a href=\"https:\/\/www.economypark.de\/john-ehret-zum-neuen-verbandsvorsitzenden-gewaehlt\/\">John Ehret zum neuen Verbandsvorsitzenden gew\u00e4hlt<\/a><\/blockquote><iframe sandbox=\"allow-scripts\" security=\"restricted\" src=\"https:\/\/www.economypark.de\/john-ehret-zum-neuen-verbandsvorsitzenden-gewaehlt\/embed\/#?secret=JMjlpXzFgx\" width=\"600\" height=\"338\" title=\"&#8222;John Ehret zum neuen Verbandsvorsitzenden gew\u00e4hlt&#8220; &#8211; Economy Park\" data-secret=\"JMjlpXzFgx\" frameborder=\"0\" marginwidth=\"0\" marginheight=\"0\" scrolling=\"no\" class=\"wp-embedded-content\"><\/iframe><script>\n\/*! This file is auto-generated *\/\n!function(d,l){\"use strict\";l.querySelector&&d.addEventListener&&\"undefined\"!=typeof URL&&(d.wp=d.wp||{},d.wp.receiveEmbedMessage||(d.wp.receiveEmbedMessage=function(e){var t=e.data;if((t||t.secret||t.message||t.value)&&!\/[^a-zA-Z0-9]\/.test(t.secret)){for(var s,r,n,a=l.querySelectorAll('iframe[data-secret=\"'+t.secret+'\"]'),o=l.querySelectorAll('blockquote[data-secret=\"'+t.secret+'\"]'),c=new RegExp(\"^https?:$\",\"i\"),i=0;i<o.length;i++)o[i].style.display=\"none\";for(i=0;i<a.length;i++)s=a[i],e.source===s.contentWindow&&(s.removeAttribute(\"style\"),\"height\"===t.message?(1e3<(r=parseInt(t.value,10))?r=1e3:~~r<200&&(r=200),s.height=r):\"link\"===t.message&&(r=new URL(s.getAttribute(\"src\")),n=new URL(t.value),c.test(n.protocol))&&n.host===r.host&&l.activeElement===s&&(d.top.location.href=t.value))}},d.addEventListener(\"message\",d.wp.receiveEmbedMessage,!1),l.addEventListener(\"DOMContentLoaded\",function(){for(var e,t,s=l.querySelectorAll(\"iframe.wp-embedded-content\"),r=0;r<s.length;r++)(t=(e=s[r]).getAttribute(\"data-secret\"))||(t=Math.random().toString(36).substring(2,12),e.src+=\"#?secret=\"+t,e.setAttribute(\"data-secret\",t)),e.contentWindow.postMessage({message:\"ready\",secret:t},\"*\")},!1)))}(window,document);\n\/\/# sourceURL=https:\/\/www.economypark.de\/wp-includes\/js\/wp-embed.min.js\n<\/script>\n","thumbnail_url":"https:\/\/www.economypark.de\/wp-content\/uploads\/2024\/07\/IMG_0242-2-e1721221763746.jpg","thumbnail_width":1280,"thumbnail_height":721,"description":"Die Verbandsversammlung des Zweckverbandes \u201eInterkommunales Gewerbe- und Industriegebiet Heidelberg-Leimen\u201c hat in \u00f6ffentlicher Sitzung am 16. Juli 2024 den Oberb\u00fcrgermeister der Stadt Leimen, John Ehret, zum neuen Verbandsvorsitzenden gew\u00e4hlt. John Ehret \u00fcbernimmt das Amt von seinem Vorg\u00e4nger Hans D. Reinwald f\u00fcr die verbleibende Amtszeit von eineinhalb Jahren. Der neue Verbandsvorsitzende zeigte sich erfreut \u00fcber die bevorstehenden..."}